{"id":18311,"date":"2022-02-18T06:16:11","date_gmt":"2022-02-18T06:16:11","guid":{"rendered":"https:\/\/www.tekislastik.com\/ev-tekstili"},"modified":"2026-03-06T12:27:29","modified_gmt":"2026-03-06T09:27:29","slug":"ev-tekstili","status":"publish","type":"page","link":"https:\/\/www.tekislastik.com\/tr\/ev-tekstili\/","title":{"rendered":"Ev Tekstili"},"content":{"rendered":"[vc_section full_width=&#8221;stretch_row&#8221; pix_over_visibility=&#8221;&#8221; bottom_divider_select=&#8221;8&#8243; b_has_animation=&#8221;true&#8221; b_2_color=&#8221;rgba(255,255,255,0.01)&#8221; b_3_is_gradient=&#8221;true&#8221; b_3_color=&#8221;rgba(0,0,0,0.08)&#8221; b_3_color_2=&#8221;rgba(255,255,255,0.01)&#8221; b_3_animation=&#8221;fade-in-up&#8221; t_flip_h=&#8221;true&#8221; pix_overlay_color=&#8221;primary-light&#8221; responsive_css=&#8221;{&#8220;pix_res_sm_pt&#8220;:&#8220;20&#8220;,&#8220;pix_res_sm_pb&#8220;:&#8220;20&#8220;,&#8220;pix_res_md_pt&#8220;:&#8220;40&#8220;,&#8220;pix_res_md_pb&#8220;:&#8220;40&#8220;}&#8221; css=&#8221;.vc_custom_1613527161475{padding-top: 110px !important;padding-bottom: 110px !important;}&#8221; t_custom_height=&#8221;200px&#8221; b_custom_height=&#8221;300px&#8221; pix_overlay_opacity=&#8221;1&#8243; b_3_delay=&#8221;300&#8243;][vc_row full_width=&#8221;stretch_row&#8221; content_placement=&#8221;middle&#8221; pix_particles_check=&#8221;&#8221; responsive_css=&#8221;{&#8220;pix_res_sm_pt&#8220;:&#8220;40&#8220;,&#8220;pix_res_sm_pb&#8220;:&#8220;40&#8220;,&#8220;pix_res_md_pt&#8220;:&#8220;40&#8220;,&#8220;pix_res_md_pb&#8220;:&#8220;40&#8220;}&#8221;][vc_column width=&#8221;1\/2&#8243; css=&#8221;.vc_custom_1604715604745{padding-top: 20px !important;padding-bottom: 20px !important;}&#8221;]<div id=\"el1613521949772-0c712dee-cf78\" class=\"pix-highlighted-element text-left  vc_custom_1647070721421\"><h1 class=\"pix-highlighted-items \" style=\"\" data-anim-type=\"\" data-anim-delay=\"0\"><span class=\"\"><span class=\"pix-highlighted-text pix-highlight-item font-weight-normal  heading-font text-heading-default\">Ev Tekstili<\/span><\/span><\/h1><\/div><div class=\"pix-el-text w-100   vc_custom_1721388264941\" ><p class=\"text-18  text-dark-opacity-7  \" >Ev tekstili, fonksiyonel ve dekoratif kuma\u015flar\u0131n ev e\u015fyas\u0131 olarak kullan\u0131lmas\u0131yla, hayat\u0131m\u0131z\u0131 daha konforlu ve sofistike hale getirme temeline dayanmaktad\u0131r. Ev tekstili \u00fcr\u00fcnleri, g\u00fcnl\u00fck ya\u015fam\u0131m\u0131z\u0131n vazge\u00e7ilmez bir par\u00e7as\u0131 olup, evlerimize estetik ve i\u015flevsellik katmaktad\u0131r.<\/p><\/div>[vc_column_text el_class=&#8221;text-p&#8221;]\u00c7o\u011fu ev \u00fcr\u00fcn\u00fcnde, hem kenarlarda hem de tamamen s\u00fcslemek, kapatmak, birle\u015ftirmek, ba\u011flamak, sabitlemek, \u015fekil vermek ve kullan\u0131mda rahatl\u0131k sa\u011flamak amac\u0131yla <strong><a href=\"https:\/\/www.tekislastik.com\/tr\/urunler\/dar-dokuma-kolon-serit\/\">dar\u00a0dokuma<\/a><\/strong>,<strong><a href=\"https:\/\/www.tekislastik.com\/tr\/urunler\/lastik\/tres-lastik\/\">\u00a0tres\u00a0\u00f6rg\u00fc<\/a><\/strong>,\u00a0<strong><a href=\"https:\/\/www.tekislastik.com\/tr\/urunler\/lastik\/\">lastikler\u00a0<\/a><\/strong>ve \u00f6rme \u00fcr\u00fcnler kullan\u0131lmaktad\u0131r. Perdelerden masa \u00f6rt\u00fclerine,\u00a0<a class=\"st_tag internal_tag\" title=\"yatak\" href=\"https:\/\/www.tekislastik.com\/tr\/tag\/yatak\/\" rel=\"tag\">yatak<\/a>\u00a0\u00f6rt\u00fclerinden yast\u0131klara kadar bir\u00e7ok ev tekstili \u00fcr\u00fcn\u00fcnde bu malzemeler vazge\u00e7ilmezdir.[\/vc_column_text]<div class=\"pix-el-text w-100   vc_custom_1721388348542\" ><p class=\"text-18  text-dark-opacity-7  \" >Teki\u015f Lastik olarak, ev tekstili \u00fcr\u00fcnlerinde en son trendleri ve yenilikleri takip ederek, m\u00fc\u015fterilerimize her zaman en iyi ve en g\u00fcncel \u00fcr\u00fcnleri sunuyoruz. Ev tekstili \u00fcr\u00fcnlerimiz, hem fonksiyonel hem de estetik a\u00e7\u0131dan m\u00fckemmel olup, evinize \u015f\u0131kl\u0131k ve konfor katacakt\u0131r.\r\nEv tekstili sekt\u00f6r\u00fcnde sundu\u011fumuz \u00fcr\u00fcnler, sadece fonksiyonel olmakla kalmaz, ayn\u0131 zamanda evinizin dekorasyonunu tamamlayan \u00f6nemli par\u00e7alard\u0131r. Bu nedenle, \u00fcr\u00fcnlerimizde kalite ve esteti\u011fi bir arada sunmaya \u00f6zen g\u00f6steriyoruz.<\/p><\/div><div class=\"d-inline-block \" ><div class=\"pix-img-el    shadow-lg shadow-hover-lg text-center d-inline-block  w-100 rounded-10\"  ><img loading=\"lazy\" decoding=\"async\" class=\"card-img2 pix-img-elem rounded-10  h-1002\" style=\"height:auto;\" width=\"1024\" height=\"1024\" srcset=\"https:\/\/www.tekislastik.com\/wp-content\/uploads\/2025\/11\/home_textile.jpg 1024w, https:\/\/www.tekislastik.com\/wp-content\/uploads\/2025\/11\/home_textile-300x300.jpg 300w, https:\/\/www.tekislastik.com\/wp-content\/uploads\/2025\/11\/home_textile-150x150.jpg 150w, https:\/\/www.tekislastik.com\/wp-content\/uploads\/2025\/11\/home_textile-768x768.jpg 768w, https:\/\/www.tekislastik.com\/wp-content\/uploads\/2025\/11\/home_textile-400x400.jpg 400w, https:\/\/www.tekislastik.com\/wp-content\/uploads\/2025\/11\/home_textile-75x75.jpg 75w, https:\/\/www.tekislastik.com\/wp-content\/uploads\/2025\/11\/home_textile-460x460.jpg 460w, https:\/\/www.tekislastik.com\/wp-content\/uploads\/2025\/11\/home_textile-600x600.jpg 600w, https:\/\/www.tekislastik.com\/wp-content\/uploads\/2025\/11\/home_textile-100x100.jpg 100w, https:\/\/www.tekislastik.com\/wp-content\/uploads\/2025\/11\/home_textile-50x50.jpg 50w\" sizes=\"auto, (max-width: 1024px) 100vw, 1024px\" src=\"https:\/\/www.tekislastik.com\/wp-content\/uploads\/2025\/11\/home_textile.jpg\" alt=\"\" title=\"\"><\/div><\/div>[\/vc_column][vc_column width=&#8221;1\/2&#8243; content_align=&#8221;text-center&#8221;]<div class=\"d-inline-block \" ><div class=\"pix-img-el    shadow-lg shadow-hover-lg scale-sm text-center d-inline-block  w-100 rounded-10\"  ><img loading=\"lazy\" decoding=\"async\" class=\"card-img2 pix-img-elem rounded-10  h-1002\" style=\"height:auto;\" width=\"1024\" height=\"1024\" srcset=\"https:\/\/www.tekislastik.com\/wp-content\/uploads\/2025\/11\/home_textile_1.jpg 1024w, https:\/\/www.tekislastik.com\/wp-content\/uploads\/2025\/11\/home_textile_1-300x300.jpg 300w, https:\/\/www.tekislastik.com\/wp-content\/uploads\/2025\/11\/home_textile_1-150x150.jpg 150w, https:\/\/www.tekislastik.com\/wp-content\/uploads\/2025\/11\/home_textile_1-768x768.jpg 768w, https:\/\/www.tekislastik.com\/wp-content\/uploads\/2025\/11\/home_textile_1-400x400.jpg 400w, https:\/\/www.tekislastik.com\/wp-content\/uploads\/2025\/11\/home_textile_1-75x75.jpg 75w, https:\/\/www.tekislastik.com\/wp-content\/uploads\/2025\/11\/home_textile_1-460x460.jpg 460w, https:\/\/www.tekislastik.com\/wp-content\/uploads\/2025\/11\/home_textile_1-600x600.jpg 600w, https:\/\/www.tekislastik.com\/wp-content\/uploads\/2025\/11\/home_textile_1-100x100.jpg 100w, https:\/\/www.tekislastik.com\/wp-content\/uploads\/2025\/11\/home_textile_1-50x50.jpg 50w\" sizes=\"auto, (max-width: 1024px) 100vw, 1024px\" src=\"https:\/\/www.tekislastik.com\/wp-content\/uploads\/2025\/11\/home_textile_1.jpg\" alt=\"\" title=\"\"><\/div><\/div>[vc_column_text el_class=&#8221;text-p&#8221; css=&#8221;.vc_custom_1750071971186{margin-top: 45px !important;}&#8221;]\r\n<p style=\"text-align: left;\"><strong>Kalite ve Dayan\u0131kl\u0131l\u0131k<\/strong><\/p>\r\n<p style=\"text-align: left;\">Teki\u015f Lastik, kalite ve dayan\u0131kl\u0131l\u0131k standartlar\u0131n\u0131 \u015firket politikas\u0131n\u0131n hayati bir temeli olarak benimser. Bunu sa\u011flamak i\u00e7in t\u00fcm \u00fcr\u00fcnlerimizin OEKO-TEX Standard 100 sertifikas\u0131na sahip oldu\u011funu garanti ediyoruz. Bu sertifikasyon, \u00fcr\u00fcnlerimizin uluslararas\u0131 standartlara uygun oldu\u011funu kan\u0131tlar. Ayr\u0131ca onaylamak i\u00e7in bu <strong><a href=\"https:\/\/www.oeko-tex.com\/en\/label-check\" target=\"_blank\" rel=\"noopener\">ba\u011flant\u0131ya<\/a> <\/strong>t\u0131klayabilirsiniz. (Sertifika Numaras\u0131: 2019OK0492)<\/p>\r\n<p style=\"text-align: left;\"><strong>M\u00fc\u015fteri Memnuniyeti ve \u00d6zel \u00dcretim<\/strong><\/p>\r\n<p style=\"text-align: left;\">Ev tekstil sekt\u00f6r\u00fc \u00fcr\u00fcnlerine ihtiyac\u0131n\u0131z varsa, bizimle ileti\u015fime ge\u00e7mekten \u00e7ekinmeyin. Uzman ve deneyimli kadromuzdan hizmet almak bir ayr\u0131cal\u0131kt\u0131r. Teki\u015f Lastik olarak, m\u00fc\u015fterilerimize en iyi hizmeti sunmak i\u00e7in \u00e7al\u0131\u015f\u0131yoruz. Ev tekstili \u00fcr\u00fcnlerimiz, estetik ve i\u015flevsellik a\u00e7\u0131s\u0131ndan en y\u00fcksek standartlara uygun olarak \u00fcretilmektedir.<\/p>\r\n<p style=\"text-align: left;\">Ev tekstili \u00fcr\u00fcnlerimizin kalitesini ve dayan\u0131kl\u0131l\u0131\u011f\u0131n\u0131 test ederek, m\u00fc\u015fterilerimizin memnuniyetini garanti alt\u0131na al\u0131yoruz. Ayr\u0131ca, m\u00fc\u015fteri taleplerine g\u00f6re \u00f6zel \u00fcretim yapma kapasitesine de sahibiz. Ev tekstili \u00fcr\u00fcnlerinde kullan\u0131lan t\u00fcm malzemeler, uzun \u00f6m\u00fcrl\u00fc ve dayan\u0131kl\u0131 olup, evinize estetik bir dokunu\u015f katar.<\/p>\r\n<p style=\"text-align: left;\">Ev tekstili \u00fcr\u00fcnlerimizle ilgili daha fazla bilgi almak ve sipari\u015f vermek i\u00e7in bizimle ileti\u015fime ge\u00e7ebilirsiniz. Teki\u015f Lastik olarak, m\u00fc\u015fteri memnuniyetini her zaman \u00f6n planda tutarak, sekt\u00f6rde lider konumunu s\u00fcrd\u00fcrmekteyiz. Farkl\u0131 renk ve desen se\u00e7enekleri ile her t\u00fcrl\u00fc ihtiyac\u0131n\u0131za cevap verebilecek kapasitedeyiz. Ev tekstili \u00fcr\u00fcnlerimiz, evinize \u015f\u0131kl\u0131k ve konfor katmak i\u00e7in en ideal se\u00e7eneklerdir.<\/p>\r\n[\/vc_column_text][\/vc_column][\/vc_row][\/vc_section][vc_section full_width=&#8221;stretch_row&#8221; pix_over_visibility=&#8221;&#8221; responsive_css=&#8221;{&#8220;pix_res_sm_pb&#8220;:&#8220;20&#8220;,&#8220;pix_res_md_pb&#8220;:&#8220;20&#8220;}&#8221; css=&#8221;.vc_custom_1614130072438{padding-top: 20px !important;padding-bottom: 60px !important;background-color: #ffffff !important;border-radius: 10px !important;}&#8221; el_id=&#8221;pix_section_services&#8221;][vc_row pix_particles_check=&#8221;&#8221; responsive_css=&#8221;{&#8220;pix_res_sm_pb&#8220;:&#8220;40&#8220;,&#8220;pix_res_md_pb&#8220;:&#8220;40&#8220;}&#8221; css=&#8221;.vc_custom_1613524951106{padding-bottom: 80px !important;}&#8221;][vc_column width=&#8221;1\/3&#8243;]<div id=\"1721388990904-4ab091db-5c82\" class=\"media \"><div class=\"rounded-circle d-inline-block mr-3 feature_img bg-primary-light \"   style=\" width:36px;height:36px;position:relative;line-height:36px;text-align:center;\"><i style=\"display:inline-block;font-size:20px;line-height:20px;\" class=\"text-primary align-middle pixicon-arrow-right2\"><\/i><\/div><div class=\"media-body text-left\"><h6 class=\"font-weight-bold   text-heading-default  \" style=\"padding-top:3px;\"  >Yuvarlak Lastik<\/h6><div class=\"text-body-default text-sm     \" style=\"padding-top:20px;\"  >\u00d6zellikle yast\u0131k k\u0131l\u0131flar\u0131, yatak \u00f6rt\u00fcleri ve masa \u00f6rt\u00fclerinde kullan\u0131lan yuvarlak lastikler, \u00fcr\u00fcnlerin daha d\u00fczg\u00fcn ve estetik durmas\u0131n\u0131 sa\u011flar. Ayr\u0131ca, yuvarlak lastikler, perde kenarlar\u0131nda da s\u0131kl\u0131kla tercih edilmektedir.<\/div><\/div><\/div>[\/vc_column][vc_column width=&#8221;1\/3&#8243;]<div id=\"1721390589994-2a86bd1d-0acf\" class=\"media \"><div class=\"rounded-circle d-inline-block mr-3 feature_img bg-primary-light \"   style=\" width:36px;height:36px;position:relative;line-height:36px;text-align:center;\"><i style=\"display:inline-block;font-size:20px;line-height:20px;\" class=\"text-primary align-middle pixicon-arrow-right2\"><\/i><\/div><div class=\"media-body text-left\"><h6 class=\"font-weight-bold   text-heading-default  \" style=\"padding-top:3px;\"  >Yass\u0131 Lastik<\/h6><div class=\"text-body-default text-sm     \" style=\"padding-top:20px;\"  >Yass\u0131 lastikler, yatak \u00f6rt\u00fcleri ve yast\u0131k k\u0131l\u0131flar\u0131nda kullan\u0131lan bir di\u011fer \u00f6nemli malzemedir. <a href=\"https:\/\/www.tekislastik.com\/tr\/urunler\/lastik\/tres-lastik\/yassi-lastik\/\">Yass\u0131 lastikler<\/a>, \u00fcr\u00fcnlerin kenarlar\u0131n\u0131 d\u00fczg\u00fcn bir \u015fekilde kapatarak, daha estetik bir g\u00f6r\u00fcn\u00fcm sa\u011flar.<\/div><\/div><\/div>[\/vc_column][vc_column width=&#8221;1\/3&#8243;]<div id=\"1721391157654-b3e6e149-caea\" class=\"media \"><div class=\"rounded-circle d-inline-block mr-3 feature_img bg-primary-light \"   style=\" width:36px;height:36px;position:relative;line-height:36px;text-align:center;\"><i style=\"display:inline-block;font-size:20px;line-height:20px;\" class=\"text-primary align-middle pixicon-arrow-right2\"><\/i><\/div><div class=\"media-body text-left\"><h6 class=\"font-weight-bold   text-heading-default  \" style=\"padding-top:3px;\"  >Bebe Lastik<\/h6><div class=\"text-body-default text-sm     \" style=\"padding-top:20px;\"  >Bebe lastikler, \u00f6zellikle \u00e7ocuk odas\u0131 tekstil \u00fcr\u00fcnlerinde kullan\u0131l\u0131r. Bebe lastikler, hem esnek hem de dayan\u0131kl\u0131 olup, \u00e7ocuklar\u0131n rahatl\u0131\u011f\u0131 i\u00e7in idealdir. Bu lastikler ayn\u0131 zamanda esneklik ve g\u00fcvenlik a\u00e7\u0131s\u0131ndan tercih edilir.<\/div><\/div><\/div>[\/vc_column][\/vc_row][vc_row pix_particles_check=&#8221;&#8221; responsive_css=&#8221;{&#8220;pix_res_sm_pb&#8220;:&#8220;40&#8220;,&#8220;pix_res_md_pb&#8220;:&#8220;40&#8220;}&#8221; css=&#8221;.vc_custom_1613524951106{padding-bottom: 80px !important;}&#8221;][vc_column width=&#8221;1\/3&#8243;]<div id=\"1721391636943-2724a206-2b3b\" class=\"media \"><div class=\"rounded-circle d-inline-block mr-3 feature_img bg-primary-light \"   style=\" width:36px;height:36px;position:relative;line-height:36px;text-align:center;\"><i style=\"display:inline-block;font-size:20px;line-height:20px;\" class=\"text-primary align-middle pixicon-arrow-right2\"><\/i><\/div><div class=\"media-body text-left\"><h6 class=\"font-weight-bold   text-heading-default  \" style=\"padding-top:3px;\"  >Tres Kordon<\/h6><div class=\"text-body-default text-sm     \" style=\"padding-top:20px;\"  >Tres kordonlar, dekoratif ama\u00e7l\u0131 olarak perdelerde, masa \u00f6rt\u00fclerinde ve di\u011fer ev tekstili \u00fcr\u00fcnlerinde kullan\u0131l\u0131r. Tres kordonlar, \u00fcr\u00fcnlere estetik bir dokunu\u015f katar.<\/div><\/div><\/div>[\/vc_column][vc_column width=&#8221;1\/3&#8243;]<div id=\"1721391636943-b20c7836-e880\" class=\"media \"><div class=\"rounded-circle d-inline-block mr-3 feature_img bg-primary-light \"   style=\" width:36px;height:36px;position:relative;line-height:36px;text-align:center;\"><i style=\"display:inline-block;font-size:20px;line-height:20px;\" class=\"text-primary align-middle pixicon-arrow-right2\"><\/i><\/div><div class=\"media-body text-left\"><h6 class=\"font-weight-bold   text-heading-default  \" style=\"padding-top:3px;\"  >Dokuma \u015eeritler<\/h6><div class=\"text-body-default text-sm     \" style=\"padding-top:20px;\"  >Dokuma \u015feritler, ev tekstilinde kenar s\u00fcslemeleri ve ba\u011flama ama\u00e7l\u0131 kullan\u0131l\u0131r. Dokuma \u015feritler, \u00fcr\u00fcnlerin daha \u015f\u0131k ve dayan\u0131kl\u0131 olmas\u0131n\u0131 sa\u011flar.<\/div><\/div><\/div>[\/vc_column][vc_column width=&#8221;1\/3&#8243;]<div id=\"1721391636944-c5b5533d-f7f7\" class=\"media \"><div class=\"rounded-circle d-inline-block mr-3 feature_img bg-primary-light \"   style=\" width:36px;height:36px;position:relative;line-height:36px;text-align:center;\"><i style=\"display:inline-block;font-size:20px;line-height:20px;\" class=\"text-primary align-middle pixicon-arrow-right2\"><\/i><\/div><div class=\"media-body text-left\"><h6 class=\"font-weight-bold   text-heading-default  \" style=\"padding-top:3px;\"  >Biye \u015eerit<\/h6><div class=\"text-body-default text-sm     \" style=\"padding-top:20px;\"  >Saten ve pamuklu biye \u015feritler, yatak \u00f6rt\u00fcleri ve masa \u00f6rt\u00fclerinde s\u00fcsleme ama\u00e7l\u0131 kullan\u0131l\u0131r. Bu verev \u015feritler, \u00fcr\u00fcnlerin daha zarif ve estetik g\u00f6r\u00fcnmesini sa\u011flar.<\/div><\/div><\/div>[\/vc_column][\/vc_row][vc_row pix_particles_check=&#8221;&#8221; responsive_css=&#8221;{&#8220;pix_res_sm_pb&#8220;:&#8220;40&#8220;,&#8220;pix_res_md_pb&#8220;:&#8220;40&#8220;}&#8221; css=&#8221;.vc_custom_1613524951106{padding-bottom: 80px !important;}&#8221;][vc_column width=&#8221;1\/3&#8243;]<div id=\"1721393392734-9e71dc54-f87e\" class=\"media \"><div class=\"rounded-circle d-inline-block mr-3 feature_img bg-primary-light \"   style=\" width:36px;height:36px;position:relative;line-height:36px;text-align:center;\"><i style=\"display:inline-block;font-size:20px;line-height:20px;\" class=\"text-primary align-middle pixicon-arrow-right2\"><\/i><\/div><div class=\"media-body text-left\"><h6 class=\"font-weight-bold   text-heading-default  \" style=\"padding-top:3px;\"  >B\u00fck\u00fcml\u00fc Kordon<\/h6><div class=\"text-body-default text-sm     \" style=\"padding-top:20px;\"  >Bu kordonlar, dekoratif ama\u00e7larla kullan\u0131l\u0131r ve \u00f6zellikle perde kenarlar\u0131nda, yast\u0131k s\u00fcslemelerinde ve masa \u00f6rt\u00fclerinde tercih edilir. B\u00fck\u00fcml\u00fc kordonlar, \u00fcr\u00fcnlere sofistike bir g\u00f6r\u00fcn\u00fcm kazand\u0131r\u0131r.<\/div><\/div><\/div>[\/vc_column][vc_column width=&#8221;1\/3&#8243;]<div id=\"1721393392734-ed7fa62a-79a4\" class=\"media \"><div class=\"rounded-circle d-inline-block mr-3 feature_img bg-primary-light \"   style=\" width:36px;height:36px;position:relative;line-height:36px;text-align:center;\"><i style=\"display:inline-block;font-size:20px;line-height:20px;\" class=\"text-primary align-middle pixicon-arrow-right2\"><\/i><\/div><div class=\"media-body text-left\"><h6 class=\"font-weight-bold   text-heading-default  \" style=\"padding-top:3px;\"  >Dokuma Lastikler<\/h6><div class=\"text-body-default text-sm     \" style=\"padding-top:20px;\"  >Y\u00fcksek kaliteli malzemelerden \u00fcretilen dokuma lastikler, dayan\u0131kl\u0131l\u0131\u011f\u0131 ve esteti\u011fi ile ev tekstilinde \u00f6nemli bir rol oynar. Yast\u0131k k\u0131l\u0131flar\u0131, masa \u00f6rt\u00fcleri ve di\u011fer tekstil \u00fcr\u00fcnlerinde kullan\u0131larak \u00fcr\u00fcnlere ekstra dayan\u0131kl\u0131l\u0131k kazand\u0131r\u0131r.<\/div><\/div><\/div>[\/vc_column][vc_column width=&#8221;1\/3&#8243;]<div id=\"1721393392734-14894023-68f0\" class=\"media \"><div class=\"rounded-circle d-inline-block mr-3 feature_img bg-primary-light \"   style=\" width:36px;height:36px;position:relative;line-height:36px;text-align:center;\"><i style=\"display:inline-block;font-size:20px;line-height:20px;\" class=\"text-primary align-middle pixicon-arrow-right2\"><\/i><\/div><div class=\"media-body text-left\"><h6 class=\"font-weight-bold   text-heading-default  \" style=\"padding-top:3px;\"  >Desenli Lastik<\/h6><div class=\"text-body-default text-sm     \" style=\"padding-top:20px;\"  >Desenli lastikler, ev tekstilinde estetik bir g\u00f6r\u00fcn\u00fcm sunar. Farkl\u0131 desen ve renk se\u00e7enekleriyle \u00fcretilen bu lastikler, perde kenarlar\u0131nda, yast\u0131klarda ve masa \u00f6rt\u00fclerinde dekoratif ama\u00e7l\u0131 kullan\u0131l\u0131r.<\/div><\/div><\/div>[\/vc_column][\/vc_row][vc_row pix_particles_check=&#8221;&#8221; responsive_css=&#8221;{&#8220;pix_res_sm_pb&#8220;:&#8220;40&#8220;,&#8220;pix_res_md_pb&#8220;:&#8220;40&#8220;}&#8221; css=&#8221;.vc_custom_1613524951106{padding-bottom: 80px !important;}&#8221;][vc_column][vc_column_text]\r\n<h5 style=\"text-align: center;\"><strong>Ev Tekstili \u00dcr\u00fcnlerimizin Kullan\u0131m Alanlar\u0131<\/strong><\/h5>\r\n[\/vc_column_text]<div id=\"duo-icon-32951365\" class=\"slide-in-container w-100  \" ><div class=\"py-2 \"  ><div class=\"pix-feature-list   font-weight-bold     py-2 d-flex align-items-center\" ><span class=\"text-dark-opacity-7\">\u2022 Yatak \u00d6rt\u00fcleri ve Yast\u0131k K\u0131l\u0131flar\u0131: Yatak \u00f6rt\u00fcleri ve yast\u0131k k\u0131l\u0131flar\u0131nda kullan\u0131lan lastik ve \u015feritler, \u00fcr\u00fcnlerin hem estetik hem de fonksiyonel olmas\u0131n\u0131 sa\u011flar.<\/span><\/div><div class=\"pix-feature-list   font-weight-bold     py-2 d-flex align-items-center\" ><span class=\"text-dark-opacity-7\">\u2022  Perdeler: Perdelerde kullan\u0131lan tres kordonlar ve b\u00fck\u00fcml\u00fc kordonlar, dekoratif ama\u00e7l\u0131 olarak perdelere zarif bir dokunu\u015f katar.<\/span><\/div><div class=\"pix-feature-list   font-weight-bold     py-2 d-flex align-items-center\" ><span class=\"text-dark-opacity-7\">\u2022 Masa \u00d6rt\u00fcleri: Masa \u00f6rt\u00fclerinde kullan\u0131lan desenli lastikler ve \u015feritler, \u00fcr\u00fcnlere l\u00fcks bir hava katar.<\/span><\/div><div class=\"pix-feature-list   font-weight-bold     py-2 d-flex align-items-center\" ><span class=\"text-dark-opacity-7\">\u2022 \u00c7ocuk Odas\u0131 Tekstilleri: Bebe lastikler, \u00e7ocuk odas\u0131 tekstil \u00fcr\u00fcnlerinde esneklik ve g\u00fcvenlik sa\u011flayarak \u00e7ocuklar\u0131n rahat etmesini sa\u011flar.<\/span><\/div><\/div><\/div>[vc_column_text]\r\n<h2 style=\"text-align: center;\">En pop\u00fcler ev tekstili \u00fcr\u00fcnlerimizi g\u00f6zden ge\u00e7irin.<\/h2>\r\n[\/vc_column_text][\/vc_column][\/vc_row][vc_row pix_particles_check=&#8221;&#8221;][vc_column width=&#8221;1\/2&#8243;]<a href=\"https:\/\/www.tekislastik.com\/tr\/urunler\/lastik\/dokuma-lastik\/\" class=\" fly\"><div class=\"card   vc_custom_1656316304936  rounded-lg  overflow-hidden shadow-sm shadow-hover fly-sm  animate-in \" data-anim-delay=\"100\" data-anim-type=\"fade-in-up\"><img decoding=\"async\" src=\"https:\/\/www.tekislastik.com\/wp-content\/plugins\/pixfort-core\/functions\/images\/loading.webp\" data-srcset=\"https:\/\/www.tekislastik.com\/wp-content\/uploads\/2021\/12\/elastic_band_home_textile-300x199.jpg 300w, https:\/\/www.tekislastik.com\/wp-content\/uploads\/2021\/12\/elastic_band_home_textile-1024x679.jpg 1024w, https:\/\/www.tekislastik.com\/wp-content\/uploads\/2021\/12\/elastic_band_home_textile-768x509.jpg 768w, https:\/\/www.tekislastik.com\/wp-content\/uploads\/2021\/12\/elastic_band_home_textile-1536x1018.jpg 1536w, https:\/\/www.tekislastik.com\/wp-content\/uploads\/2021\/12\/elastic_band_home_textile-2048x1358.jpg 2048w, https:\/\/www.tekislastik.com\/wp-content\/uploads\/2021\/12\/elastic_band_home_textile-600x398.jpg 600w\" data-src=\"https:\/\/www.tekislastik.com\/wp-content\/uploads\/2021\/12\/elastic_band_home_textile.jpg\" class=\"pix-lazy\" loading=\"lazy\" alt=\"Dokuma Lastik\" title=\"\"><div class=\"pix-card-content\"><div class=\"card-body\"><div class=\"d-flex justify-content-between align-items-center font-weight-bold text-heading-default\"><h6 style=\"\" class=\"card-title mb-0 font-weight-bold text-heading-default\">Dokuma Lastik<\/h6><h6 style=\"\" class=\"font-weight-bold text-heading-default pixicon-angle-right\"><\/h6><\/div><\/div><\/div><\/div><\/a>[\/vc_column][vc_column width=&#8221;1\/2&#8243; content_align=&#8221;text-center&#8221;]<a href=\"https:\/\/www.tekislastik.com\/products\/elastic\/woven-elastic\/elastic-band\/\" class=\" fly\"><div class=\"card   vc_custom_1645165728886  rounded-lg  overflow-hidden shadow-sm shadow-hover fly-sm  animate-in \" data-anim-delay=\"200\" data-anim-type=\"fade-in-up\"><img decoding=\"async\" src=\"https:\/\/www.tekislastik.com\/wp-content\/plugins\/pixfort-core\/functions\/images\/loading.webp\" data-srcset=\"https:\/\/www.tekislastik.com\/wp-content\/uploads\/2021\/12\/confection-elastic-300x200.jpg 300w, https:\/\/www.tekislastik.com\/wp-content\/uploads\/2021\/12\/confection-elastic-600x400.jpg 600w, https:\/\/www.tekislastik.com\/wp-content\/uploads\/2021\/12\/confection-elastic-1024x682.jpg 1024w, https:\/\/www.tekislastik.com\/wp-content\/uploads\/2021\/12\/confection-elastic-768x512.jpg 768w, https:\/\/www.tekislastik.com\/wp-content\/uploads\/2021\/12\/confection-elastic-1536x1023.jpg 1536w, https:\/\/www.tekislastik.com\/wp-content\/uploads\/2021\/12\/confection-elastic.jpg 1600w\" data-src=\"https:\/\/www.tekislastik.com\/wp-content\/uploads\/2021\/12\/confection-elastic.jpg\" class=\"pix-lazy\" loading=\"lazy\" alt=\"Konfeksiyon Lastik\" title=\"\"><div class=\"pix-card-content\"><div class=\"card-body\"><div class=\"d-flex justify-content-between align-items-center font-weight-bold text-heading-default\"><h6 style=\"\" class=\"card-title mb-0 font-weight-bold text-heading-default\">Konfeksiyon Lastik<\/h6><h6 style=\"\" class=\"font-weight-bold text-heading-default pixicon-angle-right\"><\/h6><\/div><\/div><\/div><\/div><\/a>[\/vc_column][\/vc_row][vc_row pix_particles_check=&#8221;&#8221;][vc_column][\/vc_column][\/vc_row][\/vc_section]","protected":false},"excerpt":{"rendered":"[vc_section full_width=&#8221;stretch_row&#8221; pix_over_visibility=&#8221;&#8221; bottom_divider_select=&#8221;8&#8243; b_has_animation=&#8221;true&#8221; b_2_color=&#8221;rgba(255,255,255,0.01)&#8221; b_3_is_gradient=&#8221;true&#8221; b_3_color=&#8221;rgba(0,0,0,0.08)&#8221; b_3_color_2=&#8221;rgba(255,255,255,0.01)&#8221; b_3_animation=&#8221;fade-in-up&#8221; t_flip_h=&#8221;true&#8221; pix_overlay_color=&#8221;primary-light&#8221; responsive_css=&#8221;{&#8220;pix_res_sm_pt&#8220;:&#8220;20&#8220;,&#8220;pix_res_sm_pb&#8220;:&#8220;20&#8220;,&#8220;pix_res_md_pt&#8220;:&#8220;40&#8220;,&#8220;pix_res_md_pb&#8220;:&#8220;40&#8220;}&#8221; css=&#8221;.vc_custom_1613527161475{padding-top: 110px !important;padding-bottom: 110px !important;}&#8221; t_custom_height=&#8221;200px&#8221; b_custom_height=&#8221;300px&#8221; pix_overlay_opacity=&#8221;1&#8243; b_3_delay=&#8221;300&#8243;][vc_row full_width=&#8221;stretch_row&#8221; content_placement=&#8221;middle&#8221; pix_particles_check=&#8221;&#8221; responsive_css=&#8221;{&#8220;pix_res_sm_pt&#8220;:&#8220;40&#8220;,&#8220;pix_res_sm_pb&#8220;:&#8220;40&#8220;,&#8220;pix_res_md_pt&#8220;:&#8220;40&#8220;,&#8220;pix_res_md_pb&#8220;:&#8220;40&#8220;}&#8221;][vc_column width=&#8221;1\/2&#8243; css=&#8221;.vc_custom_1604715604745{padding-top: 20px !important;padding-bottom: 20px !important;}&#8221;][vc_column_text el_class=&#8221;text-p&#8221;]\u00c7o\u011fu ev \u00fcr\u00fcn\u00fcnde, hem kenarlarda hem de tamamen&#8230;","protected":false},"author":1,"featured_media":63576,"parent":0,"menu_order":0,"comment_status":"closed","ping_status":"closed","template":"","meta":{"footnotes":""},"class_list":["post-18311","page","type-page","status-publish","has-post-thumbnail","hentry"],"_links":{"self":[{"href":"https:\/\/www.tekislastik.com\/tr\/wp-json\/wp\/v2\/pages\/18311","targetHints":{"allow":["GET"]}}],"collection":[{"href":"https:\/\/www.tekislastik.com\/tr\/wp-json\/wp\/v2\/pages"}],"about":[{"href":"https:\/\/www.tekislastik.com\/tr\/wp-json\/wp\/v2\/types\/page"}],"author":[{"embeddable":true,"href":"https:\/\/www.tekislastik.com\/tr\/wp-json\/wp\/v2\/users\/1"}],"replies":[{"embeddable":true,"href":"https:\/\/www.tekislastik.com\/tr\/wp-json\/wp\/v2\/comments?post=18311"}],"version-history":[{"count":5,"href":"https:\/\/www.tekislastik.com\/tr\/wp-json\/wp\/v2\/pages\/18311\/revisions"}],"predecessor-version":[{"id":79094,"href":"https:\/\/www.tekislastik.com\/tr\/wp-json\/wp\/v2\/pages\/18311\/revisions\/79094"}],"wp:featuredmedia":[{"embeddable":true,"href":"https:\/\/www.tekislastik.com\/tr\/wp-json\/wp\/v2\/media\/63576"}],"wp:attachment":[{"href":"https:\/\/www.tekislastik.com\/tr\/wp-json\/wp\/v2\/media?parent=18311"}],"curies":[{"name":"wp","href":"https:\/\/api.w.org\/{rel}","templated":true}]}}