{"id":71578,"date":"2021-12-03T08:33:20","date_gmt":"2021-12-03T08:33:20","guid":{"rendered":"https:\/\/www.tekislastik.com\/events-and-fairs\/"},"modified":"2025-10-28T14:01:15","modified_gmt":"2025-10-28T11:01:15","slug":"eventi-e-fiere","status":"publish","type":"page","link":"https:\/\/www.tekislastik.com\/it\/eventi-e-fiere\/","title":{"rendered":"Eventi e Fiere"},"content":{"rendered":"<p>[vc_section full_width=&#8221;stretch_row&#8221; pix_over_visibility=&#8221;&#8221; css=&#8221;.vc_custom_1663940771240{background-color: #ffffff !important;}&#8221;][vc_row pix_particles_check=&#8221;&#8221; css=&#8221;.vc_custom_1590020409125{padding-top: 20px !important;}&#8221;][vc_column]<div  class=\"pix-heading-el text-center  vc_custom_1761649266755\"><div><div class=\"slide-in-container\"><h1 class=\"text-dark-opacity-7 font-weight-bold heading-text el-title_custom_color mb-12\" style=\"\" data-anim-type=\"\" data-anim-delay=\"0\">Eventi e Fiere<\/h1><\/div><\/div><\/div><div class=\"row  \"><div class=\"col-xs-12 col-md-4 pix-mb-40\"><article id=\"post-71897\" class=\"h-100 align-self-stretch post-71897 post type-post status-publish format-standard has-post-thumbnail hentry category-events-and-fairs tag-lastik tag-quality tag-sustainability tag-tekis-lastik pix-pb-0 d-block position-relative \"  ><div class=\"d-inline-block position-relative w-100 h-100\"><div class=\"card w-100 h-100 bg-black pix-hover-item rounded-10 shadow shadow-hover fly-sm position-relative overflow-hidden pix-dark fly-sm2 overflow-hidden shadow-lg2 shadow-hover-lg2 row no-gutters flex-column flex-md-row\"><img loading=\"lazy\" decoding=\"async\" width=\"2048\" height=\"1536\" src=\"https:\/\/www.tekislastik.com\/wp-content\/uploads\/2023\/05\/tekis_academy.jpg\" class=\"card-img pix-bg-image pix-img-scale rounded-0 flex-grow-1 h-100 pix-opacity-7 pix-fit-cover\" alt=\"L&#8217;Impegno della Teki\u015f Lastik per la Sostenibilit\u00e0 Attraverso Programmi di Formazione Interna\" srcset=\"https:\/\/www.tekislastik.com\/wp-content\/uploads\/2023\/05\/tekis_academy.jpg 2048w, https:\/\/www.tekislastik.com\/wp-content\/uploads\/2023\/05\/tekis_academy-300x225.jpg 300w, https:\/\/www.tekislastik.com\/wp-content\/uploads\/2023\/05\/tekis_academy-1024x768.jpg 1024w, https:\/\/www.tekislastik.com\/wp-content\/uploads\/2023\/05\/tekis_academy-768x576.jpg 768w, https:\/\/www.tekislastik.com\/wp-content\/uploads\/2023\/05\/tekis_academy-1536x1152.jpg 1536w, https:\/\/www.tekislastik.com\/wp-content\/uploads\/2023\/05\/tekis_academy-600x450.jpg 600w\" sizes=\"auto, (max-width: 2048px) 100vw, 2048px\" title=\"\"><div class=\"card-img-overlay2 pix-post-meta-element pix-post-meta-full-img d-inline-block w-100 pix-img-overlay pix-p-20 d-flex align-items-end\"><div class=\"w-100 d-flex align-items-start flex-column h-100\"><div class=\"d-flex align-items-start w-100 mb-auto\"><div class=\"w-100\"><div class=\"entry-meta pix-fade-in d-flex align-items-center\"><div class=\"flex-fill text-left\"><a href=\"https:\/\/www.tekislastik.com\/it\/author\/admin\/\" class=\"pix-post-meta-author text-heading-default font-weight-bold\" data-toggle=\"tooltip\" data-placement=\"right\" title=\"By admin\"><img loading=\"lazy\" decoding=\"async\" alt=\"admin\" src=\"https:\/\/secure.gravatar.com\/avatar\/dbd89ccb9fceeee00514f1494d68cec2cb31edf4db39956665e7e50430cf19f0?s=24&#038;d=mm&#038;r=g\" srcset=\"https:\/\/secure.gravatar.com\/avatar\/dbd89ccb9fceeee00514f1494d68cec2cb31edf4db39956665e7e50430cf19f0?s=48&#038;d=mm&#038;r=g 2x\" class=\"avatar avatar-24 photo pix_blog_sm_avatar shadow\" height=\"24\" width=\"24\" title=\"\"><\/a><\/div><div class=\"flex-fill2 text-right text-sm\"><\/div><\/div><\/div><\/div><div class=\"d-flex align-items-stretch position-relative w-100\" style=\"min-height: 200px;\"><\/div><div class=\"d-flex align-items-end w-100 item-full-content\"><div class=\"w-100\"><div class=\"pix-post-meta-categories\"><a href=\"https:\/\/www.tekislastik.com\/it\/category\/events-and-fairs\/\" target=\"_self\"><span class=\"pix-badge-element d-inline-block mr-1 \"  ><span class=\"badge font-weight-bold bg-dark-opacity-5   \" style=\"font-size:12px; padding:5px 10px;margin-right:3px;line-height:12px;\"><span class=\"text-dark-opacity-5\" style=\"\">Events and Fairs<\/span><\/span><\/span><\/a><\/div><h4 class=\"entry-title pix-py-10 font-weight-bold \"><a class=\"text-heading-default line-clamp-4\" href=\"https:\/\/www.tekislastik.com\/it\/limpegno-della-tekis-lastik-per-la-sostenibilita-attraverso-programmi-di-formazione-interna\/\" rel=\"bookmark\">L&#8217;Impegno della Teki\u015f Lastik per la Sostenibilit\u00e0 Attraverso Programmi di Formazione Interna<\/a><\/h4><div class=\"d-inline-block  pix-post-meta-date w-100 position-relative pix-pt-10\"><div class=\"text-right d-flex w-100\" style=\"line-height:0;\"><div class=\"text-left\"><a class=\"mb-0 d-inline-block2 d-flex align-items-center text-xs text-body-default svg-body-default\" href=\"https:\/\/www.tekislastik.com\/it\/limpegno-della-tekis-lastik-per-la-sostenibilita-attraverso-programmi-di-formazione-interna\/\"><span class=\"pr-1\"><svg xmlns=\"http:\/\/www.w3.org\/2000\/svg\" width=\"18\" height=\"18\" viewBox=\"0 0 18 18\">\n  <path fill=\"#BBB\" d=\"M9,0 C13.95,0 18,4.05 18,9 C18,13.95 13.95,18 9,18 C4.05,18 0,13.95 0,9 C0,4.05 4.05,0 9,0 Z M9,16.2 C12.96,16.2 16.2,12.96 16.2,9 C16.2,5.04 12.96,1.8 9,1.8 C5.04,1.8 1.8,5.04 1.8,9 C1.8,12.96 5.04,16.2 9,16.2 Z M12.6,9.4 C13.26,9.4 13.8,9.64 13.8,10.3 C13.8,10.96 13.26,11.2 12.6,11.2 L7.8,11.2 L7.8,5.8 C7.8,5.14 8.04,4.6 8.7,4.6 C9.36,4.6 9.6,5.14 9.6,5.8 L9.6,9.4 L12.6,9.4 Z\"\/>\n<\/svg>\n<\/span><span class=\"text-body-default\">Maggio 5, 2023<\/span><\/a><\/div><\/div><\/div><\/div><\/div><\/div><\/div><\/div><\/div><\/article><\/div><div class=\"col-xs-12 col-md-4 pix-mb-40\"><article id=\"post-71899\" class=\"h-100 align-self-stretch post-71899 post type-post status-publish format-standard has-post-thumbnail hentry category-events-and-fairs tag-bag tag-braided tag-braided-cord tag-braided-elastic tag-cord tag-cotton tag-cotton-bag-strap tag-cotton-herringbone tag-cotton-herringbone-tape tag-durability tag-elastic tag-environmentally-friendly tag-fair tag-hh-cologne tag-herringbone tag-herringbone-tape tag-high-quality tag-innovative tag-lastik tag-overall tag-packaging tag-paracord tag-polypropylene-bag-strap tag-quality tag-standard tag-sustainability tag-tape tag-tekis-lastik tag-woven tag-woven-elastic tag-woven-tape pix-pb-0 d-block position-relative \"  ><div class=\"d-inline-block position-relative w-100 h-100\"><div class=\"card w-100 h-100 bg-black pix-hover-item rounded-10 shadow shadow-hover fly-sm position-relative overflow-hidden pix-dark fly-sm2 overflow-hidden shadow-lg2 shadow-hover-lg2 row no-gutters flex-column flex-md-row\"><img loading=\"lazy\" decoding=\"async\" width=\"1200\" height=\"758\" src=\"https:\/\/www.tekislastik.com\/wp-content\/uploads\/2023\/05\/cologne_fair.jpeg\" class=\"card-img pix-bg-image pix-img-scale rounded-0 flex-grow-1 h-100 pix-opacity-7 pix-fit-cover\" alt=\"Teki\u015f Lastik espone con successo nuovi imballaggi e prodotti riciclabili alla fiera h+h di Colonia 2023\" srcset=\"https:\/\/www.tekislastik.com\/wp-content\/uploads\/2023\/05\/cologne_fair.jpeg 1200w, https:\/\/www.tekislastik.com\/wp-content\/uploads\/2023\/05\/cologne_fair-300x190.jpeg 300w, https:\/\/www.tekislastik.com\/wp-content\/uploads\/2023\/05\/cologne_fair-1024x647.jpeg 1024w, https:\/\/www.tekislastik.com\/wp-content\/uploads\/2023\/05\/cologne_fair-768x485.jpeg 768w, https:\/\/www.tekislastik.com\/wp-content\/uploads\/2023\/05\/cologne_fair-600x379.jpeg 600w\" sizes=\"auto, (max-width: 1200px) 100vw, 1200px\" title=\"\"><div class=\"card-img-overlay2 pix-post-meta-element pix-post-meta-full-img d-inline-block w-100 pix-img-overlay pix-p-20 d-flex align-items-end\"><div class=\"w-100 d-flex align-items-start flex-column h-100\"><div class=\"d-flex align-items-start w-100 mb-auto\"><div class=\"w-100\"><div class=\"entry-meta pix-fade-in d-flex align-items-center\"><div class=\"flex-fill text-left\"><a href=\"https:\/\/www.tekislastik.com\/it\/author\/admin\/\" class=\"pix-post-meta-author text-heading-default font-weight-bold\" data-toggle=\"tooltip\" data-placement=\"right\" title=\"By admin\"><img loading=\"lazy\" decoding=\"async\" alt=\"admin\" src=\"https:\/\/secure.gravatar.com\/avatar\/dbd89ccb9fceeee00514f1494d68cec2cb31edf4db39956665e7e50430cf19f0?s=24&#038;d=mm&#038;r=g\" srcset=\"https:\/\/secure.gravatar.com\/avatar\/dbd89ccb9fceeee00514f1494d68cec2cb31edf4db39956665e7e50430cf19f0?s=48&#038;d=mm&#038;r=g 2x\" class=\"avatar avatar-24 photo pix_blog_sm_avatar shadow\" height=\"24\" width=\"24\" title=\"\"><\/a><\/div><div class=\"flex-fill2 text-right text-sm\"><\/div><\/div><\/div><\/div><div class=\"d-flex align-items-stretch position-relative w-100\" style=\"min-height: 200px;\"><\/div><div class=\"d-flex align-items-end w-100 item-full-content\"><div class=\"w-100\"><div class=\"pix-post-meta-categories\"><a href=\"https:\/\/www.tekislastik.com\/it\/category\/events-and-fairs\/\" target=\"_self\"><span class=\"pix-badge-element d-inline-block mr-1 \"  ><span class=\"badge font-weight-bold bg-dark-opacity-5   \" style=\"font-size:12px; padding:5px 10px;margin-right:3px;line-height:12px;\"><span class=\"text-dark-opacity-5\" style=\"\">Events and Fairs<\/span><\/span><\/span><\/a><\/div><h4 class=\"entry-title pix-py-10 font-weight-bold \"><a class=\"text-heading-default line-clamp-4\" href=\"https:\/\/www.tekislastik.com\/it\/tekis-lastik-espone-con-successo-nuovi-imballaggi-e-prodotti-riciclabili-alla-fiera-hh-di-colonia-2023\/\" rel=\"bookmark\">Teki\u015f Lastik espone con successo nuovi imballaggi e prodotti riciclabili alla fiera h+h di Colonia 2023<\/a><\/h4><div class=\"d-inline-block  pix-post-meta-date w-100 position-relative pix-pt-10\"><div class=\"text-right d-flex w-100\" style=\"line-height:0;\"><div class=\"text-left\"><a class=\"mb-0 d-inline-block2 d-flex align-items-center text-xs text-body-default svg-body-default\" href=\"https:\/\/www.tekislastik.com\/it\/tekis-lastik-espone-con-successo-nuovi-imballaggi-e-prodotti-riciclabili-alla-fiera-hh-di-colonia-2023\/\"><span class=\"pr-1\"><svg xmlns=\"http:\/\/www.w3.org\/2000\/svg\" width=\"18\" height=\"18\" viewBox=\"0 0 18 18\">\n  <path fill=\"#BBB\" d=\"M9,0 C13.95,0 18,4.05 18,9 C18,13.95 13.95,18 9,18 C4.05,18 0,13.95 0,9 C0,4.05 4.05,0 9,0 Z M9,16.2 C12.96,16.2 16.2,12.96 16.2,9 C16.2,5.04 12.96,1.8 9,1.8 C5.04,1.8 1.8,5.04 1.8,9 C1.8,12.96 5.04,16.2 9,16.2 Z M12.6,9.4 C13.26,9.4 13.8,9.64 13.8,10.3 C13.8,10.96 13.26,11.2 12.6,11.2 L7.8,11.2 L7.8,5.8 C7.8,5.14 8.04,4.6 8.7,4.6 C9.36,4.6 9.6,5.14 9.6,5.8 L9.6,9.4 L12.6,9.4 Z\"\/>\n<\/svg>\n<\/span><span class=\"text-body-default\">Maggio 5, 2023<\/span><\/a><\/div><\/div><\/div><\/div><\/div><\/div><\/div><\/div><\/div><\/article><\/div><div class=\"col-xs-12 col-md-4 pix-mb-40\"><article id=\"post-71900\" class=\"h-100 align-self-stretch post-71900 post type-post status-publish format-standard has-post-thumbnail hentry category-events-and-fairs tag-ambalaj tag-bag tag-cord tag-craft tag-elastic tag-environmentally-friendly tag-fair tag-geri-donusturulebilir tag-hh-cologne tag-haberdashery tag-herringbone tag-herringbone-tape tag-kordon tag-lastik tag-packaging tag-paketleme tag-paracord tag-rd tag-sustainability tag-tape tag-tekis-lastik tag-tuhafiye tag-twisted-cord tag-woven tag-woven-tape pix-pb-0 d-block position-relative \"  ><div class=\"d-inline-block position-relative w-100 h-100\"><div class=\"card w-100 h-100 bg-black pix-hover-item rounded-10 shadow shadow-hover fly-sm position-relative overflow-hidden pix-dark fly-sm2 overflow-hidden shadow-lg2 shadow-hover-lg2 row no-gutters flex-column flex-md-row\"><img loading=\"lazy\" decoding=\"async\" width=\"1200\" height=\"1600\" src=\"https:\/\/www.tekislastik.com\/wp-content\/uploads\/2023\/04\/hh_cologne_fair.jpeg\" class=\"card-img pix-bg-image pix-img-scale rounded-0 flex-grow-1 h-100 pix-opacity-7 pix-fit-cover\" alt=\"Teki\u015f Lastik brilla alla Fiera H+H Cologne 2023 con i suoi prodotti artigianali versatili\" srcset=\"https:\/\/www.tekislastik.com\/wp-content\/uploads\/2023\/04\/hh_cologne_fair.jpeg 1200w, https:\/\/www.tekislastik.com\/wp-content\/uploads\/2023\/04\/hh_cologne_fair-225x300.jpeg 225w, https:\/\/www.tekislastik.com\/wp-content\/uploads\/2023\/04\/hh_cologne_fair-768x1024.jpeg 768w, https:\/\/www.tekislastik.com\/wp-content\/uploads\/2023\/04\/hh_cologne_fair-1152x1536.jpeg 1152w, https:\/\/www.tekislastik.com\/wp-content\/uploads\/2023\/04\/hh_cologne_fair-600x800.jpeg 600w\" sizes=\"auto, (max-width: 1200px) 100vw, 1200px\" title=\"\"><div class=\"card-img-overlay2 pix-post-meta-element pix-post-meta-full-img d-inline-block w-100 pix-img-overlay pix-p-20 d-flex align-items-end\"><div class=\"w-100 d-flex align-items-start flex-column h-100\"><div class=\"d-flex align-items-start w-100 mb-auto\"><div class=\"w-100\"><div class=\"entry-meta pix-fade-in d-flex align-items-center\"><div class=\"flex-fill text-left\"><a href=\"https:\/\/www.tekislastik.com\/it\/author\/admin\/\" class=\"pix-post-meta-author text-heading-default font-weight-bold\" data-toggle=\"tooltip\" data-placement=\"right\" title=\"By admin\"><img loading=\"lazy\" decoding=\"async\" alt=\"admin\" src=\"https:\/\/secure.gravatar.com\/avatar\/dbd89ccb9fceeee00514f1494d68cec2cb31edf4db39956665e7e50430cf19f0?s=24&#038;d=mm&#038;r=g\" srcset=\"https:\/\/secure.gravatar.com\/avatar\/dbd89ccb9fceeee00514f1494d68cec2cb31edf4db39956665e7e50430cf19f0?s=48&#038;d=mm&#038;r=g 2x\" class=\"avatar avatar-24 photo pix_blog_sm_avatar shadow\" height=\"24\" width=\"24\" title=\"\"><\/a><\/div><div class=\"flex-fill2 text-right text-sm\"><\/div><\/div><\/div><\/div><div class=\"d-flex align-items-stretch position-relative w-100\" style=\"min-height: 200px;\"><\/div><div class=\"d-flex align-items-end w-100 item-full-content\"><div class=\"w-100\"><div class=\"pix-post-meta-categories\"><a href=\"https:\/\/www.tekislastik.com\/it\/category\/events-and-fairs\/\" target=\"_self\"><span class=\"pix-badge-element d-inline-block mr-1 \"  ><span class=\"badge font-weight-bold bg-dark-opacity-5   \" style=\"font-size:12px; padding:5px 10px;margin-right:3px;line-height:12px;\"><span class=\"text-dark-opacity-5\" style=\"\">Events and Fairs<\/span><\/span><\/span><\/a><\/div><h4 class=\"entry-title pix-py-10 font-weight-bold \"><a class=\"text-heading-default line-clamp-4\" href=\"https:\/\/www.tekislastik.com\/it\/tekis-lastik-brilla-alla-fiera-hh-cologne-2023-con-i-suoi-prodotti-artigianali-versatili\/\" rel=\"bookmark\">Teki\u015f Lastik brilla alla Fiera H+H Cologne 2023 con i suoi prodotti artigianali versatili<\/a><\/h4><div class=\"d-inline-block  pix-post-meta-date w-100 position-relative pix-pt-10\"><div class=\"text-right d-flex w-100\" style=\"line-height:0;\"><div class=\"text-left\"><a class=\"mb-0 d-inline-block2 d-flex align-items-center text-xs text-body-default svg-body-default\" href=\"https:\/\/www.tekislastik.com\/it\/tekis-lastik-brilla-alla-fiera-hh-cologne-2023-con-i-suoi-prodotti-artigianali-versatili\/\"><span class=\"pr-1\"><svg xmlns=\"http:\/\/www.w3.org\/2000\/svg\" width=\"18\" height=\"18\" viewBox=\"0 0 18 18\">\n  <path fill=\"#BBB\" d=\"M9,0 C13.95,0 18,4.05 18,9 C18,13.95 13.95,18 9,18 C4.05,18 0,13.95 0,9 C0,4.05 4.05,0 9,0 Z M9,16.2 C12.96,16.2 16.2,12.96 16.2,9 C16.2,5.04 12.96,1.8 9,1.8 C5.04,1.8 1.8,5.04 1.8,9 C1.8,12.96 5.04,16.2 9,16.2 Z M12.6,9.4 C13.26,9.4 13.8,9.64 13.8,10.3 C13.8,10.96 13.26,11.2 12.6,11.2 L7.8,11.2 L7.8,5.8 C7.8,5.14 8.04,4.6 8.7,4.6 C9.36,4.6 9.6,5.14 9.6,5.8 L9.6,9.4 L12.6,9.4 Z\"\/>\n<\/svg>\n<\/span><span class=\"text-body-default\">Aprile 4, 2023<\/span><\/a><\/div><\/div><\/div><\/div><\/div><\/div><\/div><\/div><\/div><\/article><\/div><div class=\"col-xs-12 col-md-4 pix-mb-40\"><article id=\"post-71916\" class=\"h-100 align-self-stretch post-71916 post type-post status-publish format-standard has-post-thumbnail hentry category-events-and-fairs tag-accessories tag-baby-elastic tag-bias tag-bias-tape tag-cotton tag-cotton-herringbone tag-cotton-tape tag-design tag-double-sided tag-elastic tag-factory tag-fashion tag-flat-elastic tag-garment tag-garment-elastic tag-herringbone tag-honeycomb tag-hose tag-industry-4-0 tag-innovative tag-lace tag-lastik tag-narrow-weaving tag-patterned-elastic tag-patterns tag-polyester tag-polyester-herringbone tag-printed tag-process tag-products tag-rubber tag-satin tag-sewing tag-suspenders tag-tape tag-tekis-lastik tag-university-industry-cooperation tag-weaving tag-woven tag-woven-elastic tag-woven-rubber pix-pb-0 d-block position-relative \"  ><div class=\"d-inline-block position-relative w-100 h-100\"><div class=\"card w-100 h-100 bg-black pix-hover-item rounded-10 shadow shadow-hover fly-sm position-relative overflow-hidden pix-dark fly-sm2 overflow-hidden shadow-lg2 shadow-hover-lg2 row no-gutters flex-column flex-md-row\"><img loading=\"lazy\" decoding=\"async\" width=\"2560\" height=\"1707\" src=\"https:\/\/www.tekislastik.com\/wp-content\/uploads\/2021\/12\/IMG_1378-scaled.jpg\" class=\"card-img pix-bg-image pix-img-scale rounded-0 flex-grow-1 h-100 pix-opacity-7 pix-fit-cover\" alt=\"Ci Siamo Incontrati Con Gli Studenti dell&#8217;Universit\u00e0 di Commercio di Istanbul\" srcset=\"https:\/\/www.tekislastik.com\/wp-content\/uploads\/2021\/12\/IMG_1378-scaled.jpg 2560w, https:\/\/www.tekislastik.com\/wp-content\/uploads\/2021\/12\/IMG_1378-300x200.jpg 300w, https:\/\/www.tekislastik.com\/wp-content\/uploads\/2021\/12\/IMG_1378-1024x683.jpg 1024w, https:\/\/www.tekislastik.com\/wp-content\/uploads\/2021\/12\/IMG_1378-768x512.jpg 768w, https:\/\/www.tekislastik.com\/wp-content\/uploads\/2021\/12\/IMG_1378-1536x1024.jpg 1536w, https:\/\/www.tekislastik.com\/wp-content\/uploads\/2021\/12\/IMG_1378-2048x1365.jpg 2048w, https:\/\/www.tekislastik.com\/wp-content\/uploads\/2021\/12\/IMG_1378-600x400.jpg 600w\" sizes=\"auto, (max-width: 2560px) 100vw, 2560px\" title=\"\"><div class=\"card-img-overlay2 pix-post-meta-element pix-post-meta-full-img d-inline-block w-100 pix-img-overlay pix-p-20 d-flex align-items-end\"><div class=\"w-100 d-flex align-items-start flex-column h-100\"><div class=\"d-flex align-items-start w-100 mb-auto\"><div class=\"w-100\"><div class=\"entry-meta pix-fade-in d-flex align-items-center\"><div class=\"flex-fill text-left\"><a href=\"https:\/\/www.tekislastik.com\/it\/author\/admin\/\" class=\"pix-post-meta-author text-heading-default font-weight-bold\" data-toggle=\"tooltip\" data-placement=\"right\" title=\"By admin\"><img loading=\"lazy\" decoding=\"async\" alt=\"admin\" src=\"https:\/\/secure.gravatar.com\/avatar\/dbd89ccb9fceeee00514f1494d68cec2cb31edf4db39956665e7e50430cf19f0?s=24&#038;d=mm&#038;r=g\" srcset=\"https:\/\/secure.gravatar.com\/avatar\/dbd89ccb9fceeee00514f1494d68cec2cb31edf4db39956665e7e50430cf19f0?s=48&#038;d=mm&#038;r=g 2x\" class=\"avatar avatar-24 photo pix_blog_sm_avatar shadow\" height=\"24\" width=\"24\" title=\"\"><\/a><\/div><div class=\"flex-fill2 text-right text-sm\"><\/div><\/div><\/div><\/div><div class=\"d-flex align-items-stretch position-relative w-100\" style=\"min-height: 200px;\"><\/div><div class=\"d-flex align-items-end w-100 item-full-content\"><div class=\"w-100\"><div class=\"pix-post-meta-categories\"><a href=\"https:\/\/www.tekislastik.com\/it\/category\/events-and-fairs\/\" target=\"_self\"><span class=\"pix-badge-element d-inline-block mr-1 \"  ><span class=\"badge font-weight-bold bg-dark-opacity-5   \" style=\"font-size:12px; padding:5px 10px;margin-right:3px;line-height:12px;\"><span class=\"text-dark-opacity-5\" style=\"\">Events and Fairs<\/span><\/span><\/span><\/a><\/div><h4 class=\"entry-title pix-py-10 font-weight-bold \"><a class=\"text-heading-default line-clamp-4\" href=\"https:\/\/www.tekislastik.com\/it\/ci-siamo-incontrati-con-gli-studenti-delluniversita-di-commercio-di-istanbul\/\" rel=\"bookmark\">Ci Siamo Incontrati Con Gli Studenti dell&#8217;Universit\u00e0 di Commercio di Istanbul<\/a><\/h4><div class=\"d-inline-block  pix-post-meta-date w-100 position-relative pix-pt-10\"><div class=\"text-right d-flex w-100\" style=\"line-height:0;\"><div class=\"text-left\"><a class=\"mb-0 d-inline-block2 d-flex align-items-center text-xs text-body-default svg-body-default\" href=\"https:\/\/www.tekislastik.com\/it\/ci-siamo-incontrati-con-gli-studenti-delluniversita-di-commercio-di-istanbul\/\"><span class=\"pr-1\"><svg xmlns=\"http:\/\/www.w3.org\/2000\/svg\" width=\"18\" height=\"18\" viewBox=\"0 0 18 18\">\n  <path fill=\"#BBB\" d=\"M9,0 C13.95,0 18,4.05 18,9 C18,13.95 13.95,18 9,18 C4.05,18 0,13.95 0,9 C0,4.05 4.05,0 9,0 Z M9,16.2 C12.96,16.2 16.2,12.96 16.2,9 C16.2,5.04 12.96,1.8 9,1.8 C5.04,1.8 1.8,5.04 1.8,9 C1.8,12.96 5.04,16.2 9,16.2 Z M12.6,9.4 C13.26,9.4 13.8,9.64 13.8,10.3 C13.8,10.96 13.26,11.2 12.6,11.2 L7.8,11.2 L7.8,5.8 C7.8,5.14 8.04,4.6 8.7,4.6 C9.36,4.6 9.6,5.14 9.6,5.8 L9.6,9.4 L12.6,9.4 Z\"\/>\n<\/svg>\n<\/span><span class=\"text-body-default\">Dicembre 14, 2021<\/span><\/a><\/div><\/div><\/div><\/div><\/div><\/div><\/div><\/div><\/div><\/article><\/div><div class=\"col-xs-12 col-md-4 pix-mb-40\"><article id=\"post-71917\" class=\"h-100 align-self-stretch post-71917 post type-post status-publish format-standard has-post-thumbnail hentry category-events-and-fairs tag-accessories tag-cord tag-cotton tag-cotton-herringbone tag-cotton-tape tag-design tag-elastic tag-elastic-cord tag-factory tag-fashion tag-flat-elastic tag-garment tag-herringbone tag-honeycomb tag-hose tag-innovative tag-lace tag-moda tag-narrow-weaving tag-polyester tag-polyester-herringbone tag-printed tag-process tag-products tag-rubber tag-suspender-elastic tag-tape tag-university-industry-cooperation tag-weaving tag-woven tag-woven-elastic tag-woven-rubber pix-pb-0 d-block position-relative \"  ><div class=\"d-inline-block position-relative w-100 h-100\"><div class=\"card w-100 h-100 bg-black pix-hover-item rounded-10 shadow shadow-hover fly-sm position-relative overflow-hidden pix-dark fly-sm2 overflow-hidden shadow-lg2 shadow-hover-lg2 row no-gutters flex-column flex-md-row\"><img loading=\"lazy\" decoding=\"async\" width=\"1024\" height=\"768\" src=\"https:\/\/www.tekislastik.com\/wp-content\/uploads\/2021\/12\/IMG-20210706-WA0020.jpg\" class=\"card-img pix-bg-image pix-img-scale rounded-0 flex-grow-1 h-100 pix-opacity-7 pix-fit-cover\" alt=\"UNA VISITA A TEK\u0130\u015e DALL&#8217;UNIVERSIT\u00c0 BEYKENT\" srcset=\"https:\/\/www.tekislastik.com\/wp-content\/uploads\/2021\/12\/IMG-20210706-WA0020.jpg 1024w, https:\/\/www.tekislastik.com\/wp-content\/uploads\/2021\/12\/IMG-20210706-WA0020-300x225.jpg 300w, https:\/\/www.tekislastik.com\/wp-content\/uploads\/2021\/12\/IMG-20210706-WA0020-768x576.jpg 768w, https:\/\/www.tekislastik.com\/wp-content\/uploads\/2021\/12\/IMG-20210706-WA0020-600x450.jpg 600w\" sizes=\"auto, (max-width: 1024px) 100vw, 1024px\" title=\"\"><div class=\"card-img-overlay2 pix-post-meta-element pix-post-meta-full-img d-inline-block w-100 pix-img-overlay pix-p-20 d-flex align-items-end\"><div class=\"w-100 d-flex align-items-start flex-column h-100\"><div class=\"d-flex align-items-start w-100 mb-auto\"><div class=\"w-100\"><div class=\"entry-meta pix-fade-in d-flex align-items-center\"><div class=\"flex-fill text-left\"><a href=\"https:\/\/www.tekislastik.com\/it\/author\/admin\/\" class=\"pix-post-meta-author text-heading-default font-weight-bold\" data-toggle=\"tooltip\" data-placement=\"right\" title=\"By admin\"><img loading=\"lazy\" decoding=\"async\" alt=\"admin\" src=\"https:\/\/secure.gravatar.com\/avatar\/dbd89ccb9fceeee00514f1494d68cec2cb31edf4db39956665e7e50430cf19f0?s=24&#038;d=mm&#038;r=g\" srcset=\"https:\/\/secure.gravatar.com\/avatar\/dbd89ccb9fceeee00514f1494d68cec2cb31edf4db39956665e7e50430cf19f0?s=48&#038;d=mm&#038;r=g 2x\" class=\"avatar avatar-24 photo pix_blog_sm_avatar shadow\" height=\"24\" width=\"24\" title=\"\"><\/a><\/div><div class=\"flex-fill2 text-right text-sm\"><\/div><\/div><\/div><\/div><div class=\"d-flex align-items-stretch position-relative w-100\" style=\"min-height: 200px;\"><\/div><div class=\"d-flex align-items-end w-100 item-full-content\"><div class=\"w-100\"><div class=\"pix-post-meta-categories\"><a href=\"https:\/\/www.tekislastik.com\/it\/category\/events-and-fairs\/\" target=\"_self\"><span class=\"pix-badge-element d-inline-block mr-1 \"  ><span class=\"badge font-weight-bold bg-dark-opacity-5   \" style=\"font-size:12px; padding:5px 10px;margin-right:3px;line-height:12px;\"><span class=\"text-dark-opacity-5\" style=\"\">Events and Fairs<\/span><\/span><\/span><\/a><\/div><h4 class=\"entry-title pix-py-10 font-weight-bold \"><a class=\"text-heading-default line-clamp-4\" href=\"https:\/\/www.tekislastik.com\/it\/una-visita-a-tekis-dalluniversita-beykent\/\" rel=\"bookmark\">UNA VISITA A TEK\u0130\u015e DALL&#8217;UNIVERSIT\u00c0 BEYKENT<\/a><\/h4><div class=\"d-inline-block  pix-post-meta-date w-100 position-relative pix-pt-10\"><div class=\"text-right d-flex w-100\" style=\"line-height:0;\"><div class=\"text-left\"><a class=\"mb-0 d-inline-block2 d-flex align-items-center text-xs text-body-default svg-body-default\" href=\"https:\/\/www.tekislastik.com\/it\/una-visita-a-tekis-dalluniversita-beykent\/\"><span class=\"pr-1\"><svg xmlns=\"http:\/\/www.w3.org\/2000\/svg\" width=\"18\" height=\"18\" viewBox=\"0 0 18 18\">\n  <path fill=\"#BBB\" d=\"M9,0 C13.95,0 18,4.05 18,9 C18,13.95 13.95,18 9,18 C4.05,18 0,13.95 0,9 C0,4.05 4.05,0 9,0 Z M9,16.2 C12.96,16.2 16.2,12.96 16.2,9 C16.2,5.04 12.96,1.8 9,1.8 C5.04,1.8 1.8,5.04 1.8,9 C1.8,12.96 5.04,16.2 9,16.2 Z M12.6,9.4 C13.26,9.4 13.8,9.64 13.8,10.3 C13.8,10.96 13.26,11.2 12.6,11.2 L7.8,11.2 L7.8,5.8 C7.8,5.14 8.04,4.6 8.7,4.6 C9.36,4.6 9.6,5.14 9.6,5.8 L9.6,9.4 L12.6,9.4 Z\"\/>\n<\/svg>\n<\/span><span class=\"text-body-default\">Dicembre 14, 2021<\/span><\/a><\/div><\/div><\/div><\/div><\/div><\/div><\/div><\/div><\/div><\/article><\/div><div class=\"col-xs-12 col-md-4 pix-mb-40\"><article id=\"post-71920\" class=\"h-100 align-self-stretch post-71920 post type-post status-publish format-standard has-post-thumbnail hentry category-events-and-fairs tag-accessories tag-cord tag-dar-tekstil tag-environment tag-fair tag-fashion tag-garment tag-knitting tag-lace tag-lastik tag-metal tag-metal-accessory tag-moda tag-narrow-weaving tag-patterns tag-printed tag-products tag-ribbon tag-rubber tag-tape tag-tekin-dar-tekstil tag-tekis-lastik tag-tekstil tag-tres-2 tag-tres-knitting tag-weaving tag-woven tag-woven-tape pix-pb-0 d-block position-relative \"  ><div class=\"d-inline-block position-relative w-100 h-100\"><div class=\"card w-100 h-100 bg-black pix-hover-item rounded-10 shadow shadow-hover fly-sm position-relative overflow-hidden pix-dark fly-sm2 overflow-hidden shadow-lg2 shadow-hover-lg2 row no-gutters flex-column flex-md-row\"><img loading=\"lazy\" decoding=\"async\" width=\"672\" height=\"372\" src=\"https:\/\/www.tekislastik.com\/wp-content\/uploads\/2021\/12\/Virtual-Fair.jpg\" class=\"card-img pix-bg-image pix-img-scale rounded-0 flex-grow-1 h-100 pix-opacity-7 pix-fit-cover\" alt=\"Teki\u015f Lastik ha Partecipato alla Sua Prima Fiera Virtuale\" srcset=\"https:\/\/www.tekislastik.com\/wp-content\/uploads\/2021\/12\/Virtual-Fair.jpg 672w, https:\/\/www.tekislastik.com\/wp-content\/uploads\/2021\/12\/Virtual-Fair-600x332.jpg 600w, https:\/\/www.tekislastik.com\/wp-content\/uploads\/2021\/12\/Virtual-Fair-300x166.jpg 300w\" sizes=\"auto, (max-width: 672px) 100vw, 672px\" title=\"\"><div class=\"card-img-overlay2 pix-post-meta-element pix-post-meta-full-img d-inline-block w-100 pix-img-overlay pix-p-20 d-flex align-items-end\"><div class=\"w-100 d-flex align-items-start flex-column h-100\"><div class=\"d-flex align-items-start w-100 mb-auto\"><div class=\"w-100\"><div class=\"entry-meta pix-fade-in d-flex align-items-center\"><div class=\"flex-fill text-left\"><a href=\"https:\/\/www.tekislastik.com\/it\/author\/admin\/\" class=\"pix-post-meta-author text-heading-default font-weight-bold\" data-toggle=\"tooltip\" data-placement=\"right\" title=\"By admin\"><img loading=\"lazy\" decoding=\"async\" alt=\"admin\" src=\"https:\/\/secure.gravatar.com\/avatar\/dbd89ccb9fceeee00514f1494d68cec2cb31edf4db39956665e7e50430cf19f0?s=24&#038;d=mm&#038;r=g\" srcset=\"https:\/\/secure.gravatar.com\/avatar\/dbd89ccb9fceeee00514f1494d68cec2cb31edf4db39956665e7e50430cf19f0?s=48&#038;d=mm&#038;r=g 2x\" class=\"avatar avatar-24 photo pix_blog_sm_avatar shadow\" height=\"24\" width=\"24\" title=\"\"><\/a><\/div><div class=\"flex-fill2 text-right text-sm\"><\/div><\/div><\/div><\/div><div class=\"d-flex align-items-stretch position-relative w-100\" style=\"min-height: 200px;\"><\/div><div class=\"d-flex align-items-end w-100 item-full-content\"><div class=\"w-100\"><div class=\"pix-post-meta-categories\"><a href=\"https:\/\/www.tekislastik.com\/it\/category\/events-and-fairs\/\" target=\"_self\"><span class=\"pix-badge-element d-inline-block mr-1 \"  ><span class=\"badge font-weight-bold bg-dark-opacity-5   \" style=\"font-size:12px; padding:5px 10px;margin-right:3px;line-height:12px;\"><span class=\"text-dark-opacity-5\" style=\"\">Events and Fairs<\/span><\/span><\/span><\/a><\/div><h4 class=\"entry-title pix-py-10 font-weight-bold \"><a class=\"text-heading-default line-clamp-4\" href=\"https:\/\/www.tekislastik.com\/it\/tekis-lastik-ha-partecipato-alla-sua-prima-fiera-virtuale\/\" rel=\"bookmark\">Teki\u015f Lastik ha Partecipato alla Sua Prima Fiera Virtuale<\/a><\/h4><div class=\"d-inline-block  pix-post-meta-date w-100 position-relative pix-pt-10\"><div class=\"text-right d-flex w-100\" style=\"line-height:0;\"><div class=\"text-left\"><a class=\"mb-0 d-inline-block2 d-flex align-items-center text-xs text-body-default svg-body-default\" href=\"https:\/\/www.tekislastik.com\/it\/tekis-lastik-ha-partecipato-alla-sua-prima-fiera-virtuale\/\"><span class=\"pr-1\"><svg xmlns=\"http:\/\/www.w3.org\/2000\/svg\" width=\"18\" height=\"18\" viewBox=\"0 0 18 18\">\n  <path fill=\"#BBB\" d=\"M9,0 C13.95,0 18,4.05 18,9 C18,13.95 13.95,18 9,18 C4.05,18 0,13.95 0,9 C0,4.05 4.05,0 9,0 Z M9,16.2 C12.96,16.2 16.2,12.96 16.2,9 C16.2,5.04 12.96,1.8 9,1.8 C5.04,1.8 1.8,5.04 1.8,9 C1.8,12.96 5.04,16.2 9,16.2 Z M12.6,9.4 C13.26,9.4 13.8,9.64 13.8,10.3 C13.8,10.96 13.26,11.2 12.6,11.2 L7.8,11.2 L7.8,5.8 C7.8,5.14 8.04,4.6 8.7,4.6 C9.36,4.6 9.6,5.14 9.6,5.8 L9.6,9.4 L12.6,9.4 Z\"\/>\n<\/svg>\n<\/span><span class=\"text-body-default\">Dicembre 3, 2021<\/span><\/a><\/div><\/div><\/div><\/div><\/div><\/div><\/div><\/div><\/div><\/article><\/div><div class=\"col-xs-12 col-md-4 pix-mb-40\"><article id=\"post-71934\" class=\"h-100 align-self-stretch post-71934 post type-post status-publish format-standard has-post-thumbnail hentry category-events-and-fairs tag-digitalization tag-lastik tag-tekis-lastik tag-university-industry-cooperation pix-pb-0 d-block position-relative \"  ><div class=\"d-inline-block position-relative w-100 h-100\"><div class=\"card w-100 h-100 bg-black pix-hover-item rounded-10 shadow shadow-hover fly-sm position-relative overflow-hidden pix-dark fly-sm2 overflow-hidden shadow-lg2 shadow-hover-lg2 row no-gutters flex-column flex-md-row\"><img loading=\"lazy\" decoding=\"async\" width=\"672\" height=\"372\" src=\"https:\/\/www.tekislastik.com\/wp-content\/uploads\/2021\/12\/Digital-Office.jpeg\" class=\"card-img pix-bg-image pix-img-scale rounded-0 flex-grow-1 h-100 pix-opacity-7 pix-fit-cover\" alt=\"Teki\u015f Lastik e l&#8217;Investimento nella Digitalizzazione\" srcset=\"https:\/\/www.tekislastik.com\/wp-content\/uploads\/2021\/12\/Digital-Office.jpeg 672w, https:\/\/www.tekislastik.com\/wp-content\/uploads\/2021\/12\/Digital-Office-600x332.jpeg 600w, https:\/\/www.tekislastik.com\/wp-content\/uploads\/2021\/12\/Digital-Office-300x166.jpeg 300w\" sizes=\"auto, (max-width: 672px) 100vw, 672px\" title=\"\"><div class=\"card-img-overlay2 pix-post-meta-element pix-post-meta-full-img d-inline-block w-100 pix-img-overlay pix-p-20 d-flex align-items-end\"><div class=\"w-100 d-flex align-items-start flex-column h-100\"><div class=\"d-flex align-items-start w-100 mb-auto\"><div class=\"w-100\"><div class=\"entry-meta pix-fade-in d-flex align-items-center\"><div class=\"flex-fill text-left\"><a href=\"https:\/\/www.tekislastik.com\/it\/author\/admin\/\" class=\"pix-post-meta-author text-heading-default font-weight-bold\" data-toggle=\"tooltip\" data-placement=\"right\" title=\"By admin\"><img loading=\"lazy\" decoding=\"async\" alt=\"admin\" src=\"https:\/\/secure.gravatar.com\/avatar\/dbd89ccb9fceeee00514f1494d68cec2cb31edf4db39956665e7e50430cf19f0?s=24&#038;d=mm&#038;r=g\" srcset=\"https:\/\/secure.gravatar.com\/avatar\/dbd89ccb9fceeee00514f1494d68cec2cb31edf4db39956665e7e50430cf19f0?s=48&#038;d=mm&#038;r=g 2x\" class=\"avatar avatar-24 photo pix_blog_sm_avatar shadow\" height=\"24\" width=\"24\" title=\"\"><\/a><\/div><div class=\"flex-fill2 text-right text-sm\"><\/div><\/div><\/div><\/div><div class=\"d-flex align-items-stretch position-relative w-100\" style=\"min-height: 200px;\"><\/div><div class=\"d-flex align-items-end w-100 item-full-content\"><div class=\"w-100\"><div class=\"pix-post-meta-categories\"><a href=\"https:\/\/www.tekislastik.com\/it\/category\/events-and-fairs\/\" target=\"_self\"><span class=\"pix-badge-element d-inline-block mr-1 \"  ><span class=\"badge font-weight-bold bg-dark-opacity-5   \" style=\"font-size:12px; padding:5px 10px;margin-right:3px;line-height:12px;\"><span class=\"text-dark-opacity-5\" style=\"\">Events and Fairs<\/span><\/span><\/span><\/a><\/div><h4 class=\"entry-title pix-py-10 font-weight-bold \"><a class=\"text-heading-default line-clamp-4\" href=\"https:\/\/www.tekislastik.com\/it\/tekis-lastik-e-linvestimento-nella-digitalizzazione\/\" rel=\"bookmark\">Teki\u015f Lastik e l&#8217;Investimento nella Digitalizzazione<\/a><\/h4><div class=\"d-inline-block  pix-post-meta-date w-100 position-relative pix-pt-10\"><div class=\"text-right d-flex w-100\" style=\"line-height:0;\"><div class=\"text-left\"><a class=\"mb-0 d-inline-block2 d-flex align-items-center text-xs text-body-default svg-body-default\" href=\"https:\/\/www.tekislastik.com\/it\/tekis-lastik-e-linvestimento-nella-digitalizzazione\/\"><span class=\"pr-1\"><svg xmlns=\"http:\/\/www.w3.org\/2000\/svg\" width=\"18\" height=\"18\" viewBox=\"0 0 18 18\">\n  <path fill=\"#BBB\" d=\"M9,0 C13.95,0 18,4.05 18,9 C18,13.95 13.95,18 9,18 C4.05,18 0,13.95 0,9 C0,4.05 4.05,0 9,0 Z M9,16.2 C12.96,16.2 16.2,12.96 16.2,9 C16.2,5.04 12.96,1.8 9,1.8 C5.04,1.8 1.8,5.04 1.8,9 C1.8,12.96 5.04,16.2 9,16.2 Z M12.6,9.4 C13.26,9.4 13.8,9.64 13.8,10.3 C13.8,10.96 13.26,11.2 12.6,11.2 L7.8,11.2 L7.8,5.8 C7.8,5.14 8.04,4.6 8.7,4.6 C9.36,4.6 9.6,5.14 9.6,5.8 L9.6,9.4 L12.6,9.4 Z\"\/>\n<\/svg>\n<\/span><span class=\"text-body-default\">Dicembre 3, 2021<\/span><\/a><\/div><\/div><\/div><\/div><\/div><\/div><\/div><\/div><\/div><\/article><\/div><div class=\"col-xs-12 col-md-4 pix-mb-40\"><article id=\"post-71936\" class=\"h-100 align-self-stretch post-71936 post type-post status-publish format-standard has-post-thumbnail hentry category-events-and-fairs tag-durability tag-elastic tag-elastic-manufacturer tag-fair tag-hh-cologne tag-innovative tag-lastik tag-quality tag-tekis-lastik tag-unique-designs pix-pb-0 d-block position-relative \"  ><div class=\"d-inline-block position-relative w-100 h-100\"><div class=\"card w-100 h-100 bg-black pix-hover-item rounded-10 shadow shadow-hover fly-sm position-relative overflow-hidden pix-dark fly-sm2 overflow-hidden shadow-lg2 shadow-hover-lg2 row no-gutters flex-column flex-md-row\"><img loading=\"lazy\" decoding=\"async\" width=\"605\" height=\"335\" src=\"https:\/\/www.tekislastik.com\/wp-content\/uploads\/2021\/12\/cologne-2019.jpg\" class=\"card-img pix-bg-image pix-img-scale rounded-0 flex-grow-1 h-100 pix-opacity-7 pix-fit-cover\" alt=\"Teki\u015f Lastik Presenta le Ultime Innovazioni in Elastici alla Fiera h+h Cologne 2019\" srcset=\"https:\/\/www.tekislastik.com\/wp-content\/uploads\/2021\/12\/cologne-2019.jpg 605w, https:\/\/www.tekislastik.com\/wp-content\/uploads\/2021\/12\/cologne-2019-600x332.jpg 600w, https:\/\/www.tekislastik.com\/wp-content\/uploads\/2021\/12\/cologne-2019-300x166.jpg 300w\" sizes=\"auto, (max-width: 605px) 100vw, 605px\" title=\"\"><div class=\"card-img-overlay2 pix-post-meta-element pix-post-meta-full-img d-inline-block w-100 pix-img-overlay pix-p-20 d-flex align-items-end\"><div class=\"w-100 d-flex align-items-start flex-column h-100\"><div class=\"d-flex align-items-start w-100 mb-auto\"><div class=\"w-100\"><div class=\"entry-meta pix-fade-in d-flex align-items-center\"><div class=\"flex-fill text-left\"><a href=\"https:\/\/www.tekislastik.com\/it\/author\/admin\/\" class=\"pix-post-meta-author text-heading-default font-weight-bold\" data-toggle=\"tooltip\" data-placement=\"right\" title=\"By admin\"><img loading=\"lazy\" decoding=\"async\" alt=\"admin\" src=\"https:\/\/secure.gravatar.com\/avatar\/dbd89ccb9fceeee00514f1494d68cec2cb31edf4db39956665e7e50430cf19f0?s=24&#038;d=mm&#038;r=g\" srcset=\"https:\/\/secure.gravatar.com\/avatar\/dbd89ccb9fceeee00514f1494d68cec2cb31edf4db39956665e7e50430cf19f0?s=48&#038;d=mm&#038;r=g 2x\" class=\"avatar avatar-24 photo pix_blog_sm_avatar shadow\" height=\"24\" width=\"24\" title=\"\"><\/a><\/div><div class=\"flex-fill2 text-right text-sm\"><\/div><\/div><\/div><\/div><div class=\"d-flex align-items-stretch position-relative w-100\" style=\"min-height: 200px;\"><\/div><div class=\"d-flex align-items-end w-100 item-full-content\"><div class=\"w-100\"><div class=\"pix-post-meta-categories\"><a href=\"https:\/\/www.tekislastik.com\/it\/category\/events-and-fairs\/\" target=\"_self\"><span class=\"pix-badge-element d-inline-block mr-1 \"  ><span class=\"badge font-weight-bold bg-dark-opacity-5   \" style=\"font-size:12px; padding:5px 10px;margin-right:3px;line-height:12px;\"><span class=\"text-dark-opacity-5\" style=\"\">Events and Fairs<\/span><\/span><\/span><\/a><\/div><h4 class=\"entry-title pix-py-10 font-weight-bold \"><a class=\"text-heading-default line-clamp-4\" href=\"https:\/\/www.tekislastik.com\/it\/tekis-lastik-presenta-le-ultime-innovazioni-in-elastici-alla-fiera-hh-cologne-2019\/\" rel=\"bookmark\">Teki\u015f Lastik Presenta le Ultime Innovazioni in Elastici alla Fiera h+h Cologne 2019<\/a><\/h4><div class=\"d-inline-block  pix-post-meta-date w-100 position-relative pix-pt-10\"><div class=\"text-right d-flex w-100\" style=\"line-height:0;\"><div class=\"text-left\"><a class=\"mb-0 d-inline-block2 d-flex align-items-center text-xs text-body-default svg-body-default\" href=\"https:\/\/www.tekislastik.com\/it\/tekis-lastik-presenta-le-ultime-innovazioni-in-elastici-alla-fiera-hh-cologne-2019\/\"><span class=\"pr-1\"><svg xmlns=\"http:\/\/www.w3.org\/2000\/svg\" width=\"18\" height=\"18\" viewBox=\"0 0 18 18\">\n  <path fill=\"#BBB\" d=\"M9,0 C13.95,0 18,4.05 18,9 C18,13.95 13.95,18 9,18 C4.05,18 0,13.95 0,9 C0,4.05 4.05,0 9,0 Z M9,16.2 C12.96,16.2 16.2,12.96 16.2,9 C16.2,5.04 12.96,1.8 9,1.8 C5.04,1.8 1.8,5.04 1.8,9 C1.8,12.96 5.04,16.2 9,16.2 Z M12.6,9.4 C13.26,9.4 13.8,9.64 13.8,10.3 C13.8,10.96 13.26,11.2 12.6,11.2 L7.8,11.2 L7.8,5.8 C7.8,5.14 8.04,4.6 8.7,4.6 C9.36,4.6 9.6,5.14 9.6,5.8 L9.6,9.4 L12.6,9.4 Z\"\/>\n<\/svg>\n<\/span><span class=\"text-body-default\">Dicembre 3, 2021<\/span><\/a><\/div><\/div><\/div><\/div><\/div><\/div><\/div><\/div><\/div><\/article><\/div><div class=\"col-xs-12 col-md-4 pix-mb-40\"><article id=\"post-71937\" class=\"h-100 align-self-stretch post-71937 post type-post status-publish format-standard has-post-thumbnail hentry category-events-and-fairs tag-elastic tag-environment tag-factory tag-innovative tag-lastik tag-products tag-tekis-lastik pix-pb-0 d-block position-relative \"  ><div class=\"d-inline-block position-relative w-100 h-100\"><div class=\"card w-100 h-100 bg-black pix-hover-item rounded-10 shadow shadow-hover fly-sm position-relative overflow-hidden pix-dark fly-sm2 overflow-hidden shadow-lg2 shadow-hover-lg2 row no-gutters flex-column flex-md-row\"><img loading=\"lazy\" decoding=\"async\" width=\"2560\" height=\"1440\" src=\"https:\/\/www.tekislastik.com\/wp-content\/uploads\/2021\/12\/Merter.jpg\" class=\"card-img pix-bg-image pix-img-scale rounded-0 flex-grow-1 h-100 pix-opacity-7 pix-fit-cover\" alt=\"Il Nostro Negozio della Fabbrica di Merter \u00e8 Aperto\" srcset=\"https:\/\/www.tekislastik.com\/wp-content\/uploads\/2021\/12\/Merter.jpg 2560w, https:\/\/www.tekislastik.com\/wp-content\/uploads\/2021\/12\/Merter-600x338.jpg 600w, https:\/\/www.tekislastik.com\/wp-content\/uploads\/2021\/12\/Merter-300x169.jpg 300w, https:\/\/www.tekislastik.com\/wp-content\/uploads\/2021\/12\/Merter-1024x576.jpg 1024w, https:\/\/www.tekislastik.com\/wp-content\/uploads\/2021\/12\/Merter-768x432.jpg 768w, https:\/\/www.tekislastik.com\/wp-content\/uploads\/2021\/12\/Merter-1536x864.jpg 1536w, https:\/\/www.tekislastik.com\/wp-content\/uploads\/2021\/12\/Merter-2048x1152.jpg 2048w, https:\/\/www.tekislastik.com\/wp-content\/uploads\/2021\/12\/Merter-1920x1080.jpg 1920w\" sizes=\"auto, (max-width: 2560px) 100vw, 2560px\" title=\"\"><div class=\"card-img-overlay2 pix-post-meta-element pix-post-meta-full-img d-inline-block w-100 pix-img-overlay pix-p-20 d-flex align-items-end\"><div class=\"w-100 d-flex align-items-start flex-column h-100\"><div class=\"d-flex align-items-start w-100 mb-auto\"><div class=\"w-100\"><div class=\"entry-meta pix-fade-in d-flex align-items-center\"><div class=\"flex-fill text-left\"><a href=\"https:\/\/www.tekislastik.com\/it\/author\/admin\/\" class=\"pix-post-meta-author text-heading-default font-weight-bold\" data-toggle=\"tooltip\" data-placement=\"right\" title=\"By admin\"><img loading=\"lazy\" decoding=\"async\" alt=\"admin\" src=\"https:\/\/secure.gravatar.com\/avatar\/dbd89ccb9fceeee00514f1494d68cec2cb31edf4db39956665e7e50430cf19f0?s=24&#038;d=mm&#038;r=g\" srcset=\"https:\/\/secure.gravatar.com\/avatar\/dbd89ccb9fceeee00514f1494d68cec2cb31edf4db39956665e7e50430cf19f0?s=48&#038;d=mm&#038;r=g 2x\" class=\"avatar avatar-24 photo pix_blog_sm_avatar shadow\" height=\"24\" width=\"24\" title=\"\"><\/a><\/div><div class=\"flex-fill2 text-right text-sm\"><\/div><\/div><\/div><\/div><div class=\"d-flex align-items-stretch position-relative w-100\" style=\"min-height: 200px;\"><\/div><div class=\"d-flex align-items-end w-100 item-full-content\"><div class=\"w-100\"><div class=\"pix-post-meta-categories\"><a href=\"https:\/\/www.tekislastik.com\/it\/category\/events-and-fairs\/\" target=\"_self\"><span class=\"pix-badge-element d-inline-block mr-1 \"  ><span class=\"badge font-weight-bold bg-dark-opacity-5   \" style=\"font-size:12px; padding:5px 10px;margin-right:3px;line-height:12px;\"><span class=\"text-dark-opacity-5\" style=\"\">Events and Fairs<\/span><\/span><\/span><\/a><\/div><h4 class=\"entry-title pix-py-10 font-weight-bold \"><a class=\"text-heading-default line-clamp-4\" href=\"https:\/\/www.tekislastik.com\/it\/il-nostro-negozio-della-fabbrica-di-merter-e-aperto\/\" rel=\"bookmark\">Il Nostro Negozio della Fabbrica di Merter \u00e8 Aperto<\/a><\/h4><div class=\"d-inline-block  pix-post-meta-date w-100 position-relative pix-pt-10\"><div class=\"text-right d-flex w-100\" style=\"line-height:0;\"><div class=\"text-left\"><a class=\"mb-0 d-inline-block2 d-flex align-items-center text-xs text-body-default svg-body-default\" href=\"https:\/\/www.tekislastik.com\/it\/il-nostro-negozio-della-fabbrica-di-merter-e-aperto\/\"><span class=\"pr-1\"><svg xmlns=\"http:\/\/www.w3.org\/2000\/svg\" width=\"18\" height=\"18\" viewBox=\"0 0 18 18\">\n  <path fill=\"#BBB\" d=\"M9,0 C13.95,0 18,4.05 18,9 C18,13.95 13.95,18 9,18 C4.05,18 0,13.95 0,9 C0,4.05 4.05,0 9,0 Z M9,16.2 C12.96,16.2 16.2,12.96 16.2,9 C16.2,5.04 12.96,1.8 9,1.8 C5.04,1.8 1.8,5.04 1.8,9 C1.8,12.96 5.04,16.2 9,16.2 Z M12.6,9.4 C13.26,9.4 13.8,9.64 13.8,10.3 C13.8,10.96 13.26,11.2 12.6,11.2 L7.8,11.2 L7.8,5.8 C7.8,5.14 8.04,4.6 8.7,4.6 C9.36,4.6 9.6,5.14 9.6,5.8 L9.6,9.4 L12.6,9.4 Z\"\/>\n<\/svg>\n<\/span><span class=\"text-body-default\">Dicembre 3, 2021<\/span><\/a><\/div><\/div><\/div><\/div><\/div><\/div><\/div><\/div><\/div><\/article><\/div><div class=\"col-xs-12 col-md-4 pix-mb-40\"><article id=\"post-71948\" class=\"h-100 align-self-stretch post-71948 post type-post status-publish format-standard has-post-thumbnail hentry category-events-and-fairs tag-aysaf tag-color tag-durability tag-elastic tag-fair tag-flexibility tag-footwear tag-footwear-industry tag-high-quality tag-innovative tag-lastik tag-products tag-quality tag-satisfaction tag-shoelaces tag-tekis-lastik tag-woven tag-woven-elastic pix-pb-0 d-block position-relative \"  ><div class=\"d-inline-block position-relative w-100 h-100\"><div class=\"card w-100 h-100 bg-black pix-hover-item rounded-10 shadow shadow-hover fly-sm position-relative overflow-hidden pix-dark fly-sm2 overflow-hidden shadow-lg2 shadow-hover-lg2 row no-gutters flex-column flex-md-row\"><img loading=\"lazy\" decoding=\"async\" width=\"672\" height=\"372\" src=\"https:\/\/www.tekislastik.com\/wp-content\/uploads\/2021\/12\/Aysaf2018.jpg\" class=\"card-img pix-bg-image pix-img-scale rounded-0 flex-grow-1 h-100 pix-opacity-7 pix-fit-cover\" alt=\"Teki\u015f Lastik Presenta Prodotti Innovativi per Scarpe alle Fiere Aysaf\" srcset=\"https:\/\/www.tekislastik.com\/wp-content\/uploads\/2021\/12\/Aysaf2018.jpg 672w, https:\/\/www.tekislastik.com\/wp-content\/uploads\/2021\/12\/Aysaf2018-600x332.jpg 600w, https:\/\/www.tekislastik.com\/wp-content\/uploads\/2021\/12\/Aysaf2018-300x166.jpg 300w\" sizes=\"auto, (max-width: 672px) 100vw, 672px\" title=\"\"><div class=\"card-img-overlay2 pix-post-meta-element pix-post-meta-full-img d-inline-block w-100 pix-img-overlay pix-p-20 d-flex align-items-end\"><div class=\"w-100 d-flex align-items-start flex-column h-100\"><div class=\"d-flex align-items-start w-100 mb-auto\"><div class=\"w-100\"><div class=\"entry-meta pix-fade-in d-flex align-items-center\"><div class=\"flex-fill text-left\"><a href=\"https:\/\/www.tekislastik.com\/it\/author\/admin\/\" class=\"pix-post-meta-author text-heading-default font-weight-bold\" data-toggle=\"tooltip\" data-placement=\"right\" title=\"By admin\"><img loading=\"lazy\" decoding=\"async\" alt=\"admin\" src=\"https:\/\/secure.gravatar.com\/avatar\/dbd89ccb9fceeee00514f1494d68cec2cb31edf4db39956665e7e50430cf19f0?s=24&#038;d=mm&#038;r=g\" srcset=\"https:\/\/secure.gravatar.com\/avatar\/dbd89ccb9fceeee00514f1494d68cec2cb31edf4db39956665e7e50430cf19f0?s=48&#038;d=mm&#038;r=g 2x\" class=\"avatar avatar-24 photo pix_blog_sm_avatar shadow\" height=\"24\" width=\"24\" title=\"\"><\/a><\/div><div class=\"flex-fill2 text-right text-sm\"><\/div><\/div><\/div><\/div><div class=\"d-flex align-items-stretch position-relative w-100\" style=\"min-height: 200px;\"><\/div><div class=\"d-flex align-items-end w-100 item-full-content\"><div class=\"w-100\"><div class=\"pix-post-meta-categories\"><a href=\"https:\/\/www.tekislastik.com\/it\/category\/events-and-fairs\/\" target=\"_self\"><span class=\"pix-badge-element d-inline-block mr-1 \"  ><span class=\"badge font-weight-bold bg-dark-opacity-5   \" style=\"font-size:12px; padding:5px 10px;margin-right:3px;line-height:12px;\"><span class=\"text-dark-opacity-5\" style=\"\">Events and Fairs<\/span><\/span><\/span><\/a><\/div><h4 class=\"entry-title pix-py-10 font-weight-bold \"><a class=\"text-heading-default line-clamp-4\" href=\"https:\/\/www.tekislastik.com\/it\/tekis-lastik-presenta-prodotti-innovativi-per-scarpe-alle-fiere-aysaf\/\" rel=\"bookmark\">Teki\u015f Lastik Presenta Prodotti Innovativi per Scarpe alle Fiere Aysaf<\/a><\/h4><div class=\"d-inline-block  pix-post-meta-date w-100 position-relative pix-pt-10\"><div class=\"text-right d-flex w-100\" style=\"line-height:0;\"><div class=\"text-left\"><a class=\"mb-0 d-inline-block2 d-flex align-items-center text-xs text-body-default svg-body-default\" href=\"https:\/\/www.tekislastik.com\/it\/tekis-lastik-presenta-prodotti-innovativi-per-scarpe-alle-fiere-aysaf\/\"><span class=\"pr-1\"><svg xmlns=\"http:\/\/www.w3.org\/2000\/svg\" width=\"18\" height=\"18\" viewBox=\"0 0 18 18\">\n  <path fill=\"#BBB\" d=\"M9,0 C13.95,0 18,4.05 18,9 C18,13.95 13.95,18 9,18 C4.05,18 0,13.95 0,9 C0,4.05 4.05,0 9,0 Z M9,16.2 C12.96,16.2 16.2,12.96 16.2,9 C16.2,5.04 12.96,1.8 9,1.8 C5.04,1.8 1.8,5.04 1.8,9 C1.8,12.96 5.04,16.2 9,16.2 Z M12.6,9.4 C13.26,9.4 13.8,9.64 13.8,10.3 C13.8,10.96 13.26,11.2 12.6,11.2 L7.8,11.2 L7.8,5.8 C7.8,5.14 8.04,4.6 8.7,4.6 C9.36,4.6 9.6,5.14 9.6,5.8 L9.6,9.4 L12.6,9.4 Z\"\/>\n<\/svg>\n<\/span><span class=\"text-body-default\">Dicembre 3, 2021<\/span><\/a><\/div><\/div><\/div><\/div><\/div><\/div><\/div><\/div><\/div><\/article><\/div><div class=\"col-xs-12 col-md-4 pix-mb-40\"><article id=\"post-71950\" class=\"h-100 align-self-stretch post-71950 post type-post status-publish format-standard has-post-thumbnail hentry category-events-and-fairs tag-durability tag-elastic tag-fair tag-hh-cologne tag-haberdashery tag-high-quality tag-innovative tag-lastik tag-quality tag-tekis-lastik pix-pb-0 d-block position-relative \"  ><div class=\"d-inline-block position-relative w-100 h-100\"><div class=\"card w-100 h-100 bg-black pix-hover-item rounded-10 shadow shadow-hover fly-sm position-relative overflow-hidden pix-dark fly-sm2 overflow-hidden shadow-lg2 shadow-hover-lg2 row no-gutters flex-column flex-md-row\"><img loading=\"lazy\" decoding=\"async\" width=\"960\" height=\"539\" src=\"https:\/\/www.tekislastik.com\/wp-content\/uploads\/2021\/12\/17626585_569011579969096_4907605976956544944_n.jpg\" class=\"card-img pix-bg-image pix-img-scale rounded-0 flex-grow-1 h-100 pix-opacity-7 pix-fit-cover\" alt=\"Teki\u015f Lastik Presenta Elastici Innovativi alla Fiera h+h Cologne 2017\" srcset=\"https:\/\/www.tekislastik.com\/wp-content\/uploads\/2021\/12\/17626585_569011579969096_4907605976956544944_n.jpg 960w, https:\/\/www.tekislastik.com\/wp-content\/uploads\/2021\/12\/17626585_569011579969096_4907605976956544944_n-300x168.jpg 300w, https:\/\/www.tekislastik.com\/wp-content\/uploads\/2021\/12\/17626585_569011579969096_4907605976956544944_n-768x431.jpg 768w, https:\/\/www.tekislastik.com\/wp-content\/uploads\/2021\/12\/17626585_569011579969096_4907605976956544944_n-600x337.jpg 600w\" sizes=\"auto, (max-width: 960px) 100vw, 960px\" title=\"\"><div class=\"card-img-overlay2 pix-post-meta-element pix-post-meta-full-img d-inline-block w-100 pix-img-overlay pix-p-20 d-flex align-items-end\"><div class=\"w-100 d-flex align-items-start flex-column h-100\"><div class=\"d-flex align-items-start w-100 mb-auto\"><div class=\"w-100\"><div class=\"entry-meta pix-fade-in d-flex align-items-center\"><div class=\"flex-fill text-left\"><a href=\"https:\/\/www.tekislastik.com\/it\/author\/admin\/\" class=\"pix-post-meta-author text-heading-default font-weight-bold\" data-toggle=\"tooltip\" data-placement=\"right\" title=\"By admin\"><img loading=\"lazy\" decoding=\"async\" alt=\"admin\" src=\"https:\/\/secure.gravatar.com\/avatar\/dbd89ccb9fceeee00514f1494d68cec2cb31edf4db39956665e7e50430cf19f0?s=24&#038;d=mm&#038;r=g\" srcset=\"https:\/\/secure.gravatar.com\/avatar\/dbd89ccb9fceeee00514f1494d68cec2cb31edf4db39956665e7e50430cf19f0?s=48&#038;d=mm&#038;r=g 2x\" class=\"avatar avatar-24 photo pix_blog_sm_avatar shadow\" height=\"24\" width=\"24\" title=\"\"><\/a><\/div><div class=\"flex-fill2 text-right text-sm\"><\/div><\/div><\/div><\/div><div class=\"d-flex align-items-stretch position-relative w-100\" style=\"min-height: 200px;\"><\/div><div class=\"d-flex align-items-end w-100 item-full-content\"><div class=\"w-100\"><div class=\"pix-post-meta-categories\"><a href=\"https:\/\/www.tekislastik.com\/it\/category\/events-and-fairs\/\" target=\"_self\"><span class=\"pix-badge-element d-inline-block mr-1 \"  ><span class=\"badge font-weight-bold bg-dark-opacity-5   \" style=\"font-size:12px; padding:5px 10px;margin-right:3px;line-height:12px;\"><span class=\"text-dark-opacity-5\" style=\"\">Events and Fairs<\/span><\/span><\/span><\/a><\/div><h4 class=\"entry-title pix-py-10 font-weight-bold \"><a class=\"text-heading-default line-clamp-4\" href=\"https:\/\/www.tekislastik.com\/it\/tekis-lastik-presenta-elastici-innovativi-alla-fiera-hh-cologne-2017\/\" rel=\"bookmark\">Teki\u015f Lastik Presenta Elastici Innovativi alla Fiera h+h Cologne 2017<\/a><\/h4><div class=\"d-inline-block  pix-post-meta-date w-100 position-relative pix-pt-10\"><div class=\"text-right d-flex w-100\" style=\"line-height:0;\"><div class=\"text-left\"><a class=\"mb-0 d-inline-block2 d-flex align-items-center text-xs text-body-default svg-body-default\" href=\"https:\/\/www.tekislastik.com\/it\/tekis-lastik-presenta-elastici-innovativi-alla-fiera-hh-cologne-2017\/\"><span class=\"pr-1\"><svg xmlns=\"http:\/\/www.w3.org\/2000\/svg\" width=\"18\" height=\"18\" viewBox=\"0 0 18 18\">\n  <path fill=\"#BBB\" d=\"M9,0 C13.95,0 18,4.05 18,9 C18,13.95 13.95,18 9,18 C4.05,18 0,13.95 0,9 C0,4.05 4.05,0 9,0 Z M9,16.2 C12.96,16.2 16.2,12.96 16.2,9 C16.2,5.04 12.96,1.8 9,1.8 C5.04,1.8 1.8,5.04 1.8,9 C1.8,12.96 5.04,16.2 9,16.2 Z M12.6,9.4 C13.26,9.4 13.8,9.64 13.8,10.3 C13.8,10.96 13.26,11.2 12.6,11.2 L7.8,11.2 L7.8,5.8 C7.8,5.14 8.04,4.6 8.7,4.6 C9.36,4.6 9.6,5.14 9.6,5.8 L9.6,9.4 L12.6,9.4 Z\"\/>\n<\/svg>\n<\/span><span class=\"text-body-default\">Dicembre 3, 2021<\/span><\/a><\/div><\/div><\/div><\/div><\/div><\/div><\/div><\/div><\/div><\/article><\/div><div class=\"col-xs-12 col-md-4 pix-mb-40\"><article id=\"post-71952\" class=\"h-100 align-self-stretch post-71952 post type-post status-publish format-standard has-post-thumbnail hentry category-events-and-fairs tag-aysaf tag-durability tag-fair tag-footwear tag-footwear-industry tag-high-quality tag-innovative tag-lastik tag-quality tag-shoelaces tag-shoes tag-tekis-lastik pix-pb-0 d-block position-relative \"  ><div class=\"d-inline-block position-relative w-100 h-100\"><div class=\"card w-100 h-100 bg-black pix-hover-item rounded-10 shadow shadow-hover fly-sm position-relative overflow-hidden pix-dark fly-sm2 overflow-hidden shadow-lg2 shadow-hover-lg2 row no-gutters flex-column flex-md-row\"><img loading=\"lazy\" decoding=\"async\" width=\"1080\" height=\"1053\" src=\"https:\/\/www.tekislastik.com\/wp-content\/uploads\/2022\/03\/Aysaf-2017-Fair.jpg\" class=\"card-img pix-bg-image pix-img-scale rounded-0 flex-grow-1 h-100 pix-opacity-7 pix-fit-cover\" alt=\"Teki\u015f Lastik Ha Esibito Prodotti Innovativi Per L&#8217;Industria Delle Scarpe Alla Fiera Aysaf 2017\" srcset=\"https:\/\/www.tekislastik.com\/wp-content\/uploads\/2022\/03\/Aysaf-2017-Fair.jpg 1080w, https:\/\/www.tekislastik.com\/wp-content\/uploads\/2022\/03\/Aysaf-2017-Fair-300x293.jpg 300w, https:\/\/www.tekislastik.com\/wp-content\/uploads\/2022\/03\/Aysaf-2017-Fair-1024x998.jpg 1024w, https:\/\/www.tekislastik.com\/wp-content\/uploads\/2022\/03\/Aysaf-2017-Fair-768x749.jpg 768w, https:\/\/www.tekislastik.com\/wp-content\/uploads\/2022\/03\/Aysaf-2017-Fair-600x585.jpg 600w\" sizes=\"auto, (max-width: 1080px) 100vw, 1080px\" title=\"\"><div class=\"card-img-overlay2 pix-post-meta-element pix-post-meta-full-img d-inline-block w-100 pix-img-overlay pix-p-20 d-flex align-items-end\"><div class=\"w-100 d-flex align-items-start flex-column h-100\"><div class=\"d-flex align-items-start w-100 mb-auto\"><div class=\"w-100\"><div class=\"entry-meta pix-fade-in d-flex align-items-center\"><div class=\"flex-fill text-left\"><a href=\"https:\/\/www.tekislastik.com\/it\/author\/admin\/\" class=\"pix-post-meta-author text-heading-default font-weight-bold\" data-toggle=\"tooltip\" data-placement=\"right\" title=\"By admin\"><img loading=\"lazy\" decoding=\"async\" alt=\"admin\" src=\"https:\/\/secure.gravatar.com\/avatar\/dbd89ccb9fceeee00514f1494d68cec2cb31edf4db39956665e7e50430cf19f0?s=24&#038;d=mm&#038;r=g\" srcset=\"https:\/\/secure.gravatar.com\/avatar\/dbd89ccb9fceeee00514f1494d68cec2cb31edf4db39956665e7e50430cf19f0?s=48&#038;d=mm&#038;r=g 2x\" class=\"avatar avatar-24 photo pix_blog_sm_avatar shadow\" height=\"24\" width=\"24\" title=\"\"><\/a><\/div><div class=\"flex-fill2 text-right text-sm\"><\/div><\/div><\/div><\/div><div class=\"d-flex align-items-stretch position-relative w-100\" style=\"min-height: 200px;\"><\/div><div class=\"d-flex align-items-end w-100 item-full-content\"><div class=\"w-100\"><div class=\"pix-post-meta-categories\"><a href=\"https:\/\/www.tekislastik.com\/it\/category\/events-and-fairs\/\" target=\"_self\"><span class=\"pix-badge-element d-inline-block mr-1 \"  ><span class=\"badge font-weight-bold bg-dark-opacity-5   \" style=\"font-size:12px; padding:5px 10px;margin-right:3px;line-height:12px;\"><span class=\"text-dark-opacity-5\" style=\"\">Events and Fairs<\/span><\/span><\/span><\/a><\/div><h4 class=\"entry-title pix-py-10 font-weight-bold \"><a class=\"text-heading-default line-clamp-4\" href=\"https:\/\/www.tekislastik.com\/it\/tekis-lastik-ha-esibito-prodotti-innovativi-per-lindustria-delle-scarpe-alla-fiera-aysaf-2017\/\" rel=\"bookmark\">Teki\u015f Lastik Ha Esibito Prodotti Innovativi Per L&#8217;Industria Delle Scarpe Alla Fiera Aysaf 2017<\/a><\/h4><div class=\"d-inline-block  pix-post-meta-date w-100 position-relative pix-pt-10\"><div class=\"text-right d-flex w-100\" style=\"line-height:0;\"><div class=\"text-left\"><a class=\"mb-0 d-inline-block2 d-flex align-items-center text-xs text-body-default svg-body-default\" href=\"https:\/\/www.tekislastik.com\/it\/tekis-lastik-ha-esibito-prodotti-innovativi-per-lindustria-delle-scarpe-alla-fiera-aysaf-2017\/\"><span class=\"pr-1\"><svg xmlns=\"http:\/\/www.w3.org\/2000\/svg\" width=\"18\" height=\"18\" viewBox=\"0 0 18 18\">\n  <path fill=\"#BBB\" d=\"M9,0 C13.95,0 18,4.05 18,9 C18,13.95 13.95,18 9,18 C4.05,18 0,13.95 0,9 C0,4.05 4.05,0 9,0 Z M9,16.2 C12.96,16.2 16.2,12.96 16.2,9 C16.2,5.04 12.96,1.8 9,1.8 C5.04,1.8 1.8,5.04 1.8,9 C1.8,12.96 5.04,16.2 9,16.2 Z M12.6,9.4 C13.26,9.4 13.8,9.64 13.8,10.3 C13.8,10.96 13.26,11.2 12.6,11.2 L7.8,11.2 L7.8,5.8 C7.8,5.14 8.04,4.6 8.7,4.6 C9.36,4.6 9.6,5.14 9.6,5.8 L9.6,9.4 L12.6,9.4 Z\"\/>\n<\/svg>\n<\/span><span class=\"text-body-default\">Dicembre 3, 2021<\/span><\/a><\/div><\/div><\/div><\/div><\/div><\/div><\/div><\/div><\/div><\/article><\/div><\/div>\n[\/vc_column][\/vc_row][\/vc_section]<\/p>\n","protected":false},"excerpt":{"rendered":"[vc_section full_width=&#8221;stretch_row&#8221; pix_over_visibility=&#8221;&#8221; css=&#8221;.vc_custom_1663940771240{background-color: #ffffff !important;}&#8221;][vc_row pix_particles_check=&#8221;&#8221; css=&#8221;.vc_custom_1590020409125{padding-top: 20px !important;}&#8221;][vc_column][\/vc_column][\/vc_row][\/vc_section]","protected":false},"author":1,"featured_media":71579,"parent":0,"menu_order":0,"comment_status":"closed","ping_status":"closed","template":"","meta":{"footnotes":""},"class_list":["post-71578","page","type-page","status-publish","has-post-thumbnail","hentry"],"_links":{"self":[{"href":"https:\/\/www.tekislastik.com\/it\/wp-json\/wp\/v2\/pages\/71578","targetHints":{"allow":["GET"]}}],"collection":[{"href":"https:\/\/www.tekislastik.com\/it\/wp-json\/wp\/v2\/pages"}],"about":[{"href":"https:\/\/www.tekislastik.com\/it\/wp-json\/wp\/v2\/types\/page"}],"author":[{"embeddable":true,"href":"https:\/\/www.tekislastik.com\/it\/wp-json\/wp\/v2\/users\/1"}],"replies":[{"embeddable":true,"href":"https:\/\/www.tekislastik.com\/it\/wp-json\/wp\/v2\/comments?post=71578"}],"version-history":[{"count":4,"href":"https:\/\/www.tekislastik.com\/it\/wp-json\/wp\/v2\/pages\/71578\/revisions"}],"predecessor-version":[{"id":71969,"href":"https:\/\/www.tekislastik.com\/it\/wp-json\/wp\/v2\/pages\/71578\/revisions\/71969"}],"wp:featuredmedia":[{"embeddable":true,"href":"https:\/\/www.tekislastik.com\/it\/wp-json\/wp\/v2\/media\/71579"}],"wp:attachment":[{"href":"https:\/\/www.tekislastik.com\/it\/wp-json\/wp\/v2\/media?parent=71578"}],"curies":[{"name":"wp","href":"https:\/\/api.w.org\/{rel}","templated":true}]}}